{"id":793,"date":"2021-09-03T13:32:10","date_gmt":"2021-09-03T13:32:10","guid":{"rendered":"https:\/\/fisiolistic.com\/nueva\/?page_id=793"},"modified":"2025-05-12T09:52:49","modified_gmt":"2025-05-12T09:52:49","slug":"fisioterapia-pediatrica","status":"publish","type":"page","link":"https:\/\/fisiolistic.com\/ca\/fisioterapia-pediatrica\/","title":{"rendered":"Fisioter\u00e0pia Pedi\u00e0trica"},"content":{"rendered":"<p>[et_pb_section fb_built=&#8221;1&#8243; admin_label=&#8221;About Us Section&#8221; _builder_version=&#8221;4.15&#8243; custom_margin=&#8221;||110px||false|false&#8221; custom_padding=&#8221;80px|0px|0px|0px|false|false&#8221; global_colors_info=&#8221;{}&#8221;][et_pb_row column_structure=&#8221;1_2,1_4,1_4&#8243; admin_label=&#8221;Row&#8221; _builder_version=&#8221;4.15&#8243; custom_padding=&#8221;|||&#8221; global_colors_info=&#8221;{}&#8221;][et_pb_column type=&#8221;1_2&#8243; _builder_version=&#8221;4.15&#8243; custom_padding=&#8221;|||&#8221; global_colors_info=&#8221;{}&#8221; custom_padding__hover=&#8221;|||&#8221;][et_pb_text _builder_version=&#8221;4.15.1&#8243; text_font=&#8221;|||on|||||&#8221; header_font=&#8221;||||||||&#8221; header_2_font=&#8221;Poppins|500||on|||||&#8221; header_2_text_color=&#8221;rgba(0,0,0,0.2)&#8221; header_2_font_size=&#8221;16px&#8221; header_2_letter_spacing=&#8221;1px&#8221; header_2_line_height=&#8221;1.3em&#8221; custom_margin=&#8221;||20px|&#8221; hover_enabled=&#8221;0&#8243; saved_tabs=&#8221;all&#8221; locked=&#8221;off&#8221; global_colors_info=&#8221;{}&#8221; text_text_color=&#8221;rgba(0,0,0,0.2)&#8221; text_font_size=&#8221;16px&#8221; sticky_enabled=&#8221;0&#8243;]<\/p>\n<p>Serveis<\/p>\n<p>[\/et_pb_text][et_pb_text _builder_version=&#8221;4.15&#8243; text_font=&#8221;||||||||&#8221; header_font=&#8221;Poppins|600|||||||&#8221; header_text_color=&#8221;#008479&#8243; header_font_size=&#8221;36px&#8221; header_line_height=&#8221;1.4em&#8221; header_3_font=&#8221;Poppins|600|||||||&#8221; header_3_text_color=&#8221;#008479&#8243; header_3_font_size=&#8221;36px&#8221; header_3_line_height=&#8221;1.4em&#8221; global_colors_info=&#8221;{}&#8221;]<\/p>\n<h1>Fisioter\u00e0pia Pedi\u00e0trica<\/h1>\n<p>[\/et_pb_text][\/et_pb_column][et_pb_column type=&#8221;1_4&#8243; _builder_version=&#8221;4.15&#8243; custom_padding=&#8221;|||&#8221; global_colors_info=&#8221;{}&#8221; custom_padding__hover=&#8221;|||&#8221;][et_pb_text _builder_version=&#8221;4.9.0&#8243; _module_preset=&#8221;default&#8221; text_font_size=&#8221;12px&#8221; header_2_font=&#8221;|600|||||||&#8221; header_2_font_size=&#8221;14px&#8221; header_3_font=&#8221;|600|||||||&#8221; header_3_text_align=&#8221;center&#8221; header_3_text_color=&#8221;#008479&#8243; header_3_font_size=&#8221;26px&#8221; header_3_line_height=&#8221;1.4em&#8221; text_orientation=&#8221;center&#8221; custom_margin=&#8221;||||false|false&#8221; custom_padding=&#8221;10px|10px|0px|10px|false|true&#8221; border_radii=&#8221;on|20px|20px|20px|20px&#8221; border_width_all=&#8221;2px&#8221; border_color_all=&#8221;#008479&#8243; global_module=&#8221;896&#8243; global_colors_info=&#8221;{}&#8221;]<\/p>\n<h2>Sessi\u00f3 llarga (50-60 min)<\/h2>\n<h3>40 \u20ac*<\/h3>\n<p>[\/et_pb_text][\/et_pb_column][et_pb_column type=&#8221;1_4&#8243; _builder_version=&#8221;4.15&#8243; custom_padding=&#8221;|||&#8221; global_colors_info=&#8221;{}&#8221; custom_padding__hover=&#8221;|||&#8221;][et_pb_text _builder_version=&#8221;4.9.0&#8243; _module_preset=&#8221;default&#8221; text_font_size=&#8221;12px&#8221; header_2_font=&#8221;|600|||||||&#8221; header_2_font_size=&#8221;14px&#8221; header_3_font=&#8221;|600|||||||&#8221; header_3_text_align=&#8221;center&#8221; header_3_text_color=&#8221;#008479&#8243; header_3_font_size=&#8221;26px&#8221; header_3_line_height=&#8221;1.4em&#8221; text_orientation=&#8221;center&#8221; custom_margin=&#8221;||||false|false&#8221; custom_padding=&#8221;10px|10px|0px|10px|false|true&#8221; border_radii=&#8221;on|20px|20px|20px|20px&#8221; border_width_all=&#8221;2px&#8221; border_color_all=&#8221;#008479&#8243; global_module=&#8221;897&#8243; global_colors_info=&#8221;{}&#8221;]<\/p>\n<h2>Sessi\u00f3 curta (25-30 min)<\/h2>\n<h3>20 \u20ac<\/h3>\n<p>[\/et_pb_text][\/et_pb_column][\/et_pb_row][et_pb_row column_structure=&#8221;1_2,1_2&#8243; admin_label=&#8221;Row&#8221; _builder_version=&#8221;4.15&#8243; custom_padding=&#8221;|||&#8221; global_colors_info=&#8221;{}&#8221;][et_pb_column type=&#8221;1_2&#8243; _builder_version=&#8221;4.15&#8243; custom_padding=&#8221;|||&#8221; global_colors_info=&#8221;{}&#8221; custom_padding__hover=&#8221;|||&#8221;][et_pb_text _builder_version=&#8221;4.15&#8243; text_font=&#8221;Open Sans||||||||&#8221; text_text_color=&#8221;#486066&#8243; text_font_size=&#8221;15px&#8221; text_line_height=&#8221;1.8em&#8221; header_font=&#8221;||||||||&#8221; global_colors_info=&#8221;{}&#8221;]<\/p>\n<p>Els nadons i els nens tenen caracter\u00edstiques espec\u00edfiques i per aix\u00f2 requereixen d\u2019un tractament espec\u00edfic.<\/p>\n<p>Es poden beneficiar d\u2019aquesta ter\u00e0pia els nadons i nens afectats de patologies com:<\/p>\n<p>[\/et_pb_text][et_pb_text _builder_version=&#8221;4.15&#8243; text_font=&#8221;Open Sans||||||||&#8221; text_text_color=&#8221;#486066&#8243; text_font_size=&#8221;15px&#8221; text_line_height=&#8221;1.8em&#8221; header_font=&#8221;||||||||&#8221; global_colors_info=&#8221;{}&#8221;]<\/p>\n<ul>\n<li>Torticoli<\/li>\n<li>Escur\u00e7aments musculars<\/li>\n<li>Retards psicomotor<\/li>\n<li>Alteracions de la postura<\/li>\n<li>Problemes respiratoris<\/li>\n<li>Patologies neurol\u00f2giques<\/li>\n<\/ul>\n<p>[\/et_pb_text][\/et_pb_column][et_pb_column type=&#8221;1_2&#8243; _builder_version=&#8221;4.15&#8243; custom_padding=&#8221;|||&#8221; global_colors_info=&#8221;{}&#8221; custom_padding__hover=&#8221;|||&#8221;][et_pb_image src=&#8221;https:\/\/fisiolistic.com\/wp-content\/uploads\/2021\/09\/sala-pediatri\u0301a.jpg&#8221; title_text=&#8221;sala-pediatri\u0301a&#8221; show_bottom_space=&#8221;off&#8221; align_tablet=&#8221;center&#8221; align_phone=&#8221;&#8221; align_last_edited=&#8221;on|desktop&#8221; _builder_version=&#8221;4.15&#8243; custom_margin=&#8221;||||false|false&#8221; animation_style=&#8221;slide&#8221; animation_direction=&#8221;left&#8221; animation_intensity_slide=&#8221;8%&#8221; border_radii=&#8221;on|20px|20px|20px|20px&#8221; global_colors_info=&#8221;{}&#8221;][\/et_pb_image][\/et_pb_column][\/et_pb_row][et_pb_row column_structure=&#8221;1_2,1_2&#8243; admin_label=&#8221;Row&#8221; _builder_version=&#8221;4.15&#8243; custom_padding=&#8221;|||&#8221; global_colors_info=&#8221;{}&#8221;][et_pb_column type=&#8221;1_2&#8243; _builder_version=&#8221;4.15&#8243; custom_padding=&#8221;|||&#8221; global_colors_info=&#8221;{}&#8221; custom_padding__hover=&#8221;|||&#8221;][et_pb_image src=&#8221;https:\/\/fisiolistic.com\/wp-content\/uploads\/2021\/08\/D.-Fisioterapia-Pedia\u0301trica.jpeg&#8221; title_text=&#8221;D. Fisioterapia Pedia\u0301trica&#8221; show_bottom_space=&#8221;off&#8221; align_tablet=&#8221;center&#8221; align_phone=&#8221;&#8221; align_last_edited=&#8221;on|desktop&#8221; _builder_version=&#8221;4.15&#8243; custom_margin=&#8221;||||false|false&#8221; animation_style=&#8221;slide&#8221; animation_direction=&#8221;left&#8221; animation_intensity_slide=&#8221;8%&#8221; border_radii=&#8221;on|20px|20px|20px|20px&#8221; global_colors_info=&#8221;{}&#8221;][\/et_pb_image][\/et_pb_column][et_pb_column type=&#8221;1_2&#8243; _builder_version=&#8221;4.15&#8243; custom_padding=&#8221;|||&#8221; global_colors_info=&#8221;{}&#8221; custom_padding__hover=&#8221;|||&#8221;][et_pb_text _builder_version=&#8221;4.15&#8243; text_font=&#8221;Open Sans||||||||&#8221; text_text_color=&#8221;#486066&#8243; text_font_size=&#8221;15px&#8221; text_line_height=&#8221;1.8em&#8221; header_font=&#8221;||||||||&#8221; global_colors_info=&#8221;{}&#8221;]<\/p>\n<p>I tamb\u00e9 d\u2019altres nadons i nens amb afectacions no tan evidents per\u00f2 que el seu entorn nota que dorm malament, li costa menjar, est\u00e0 fatigat\u2026<\/p>\n<p>Abans de comen\u00e7ar la ter\u00e0pia realitzarem:<\/p>\n<p>[\/et_pb_text][et_pb_text _builder_version=&#8221;4.15&#8243; text_font=&#8221;Open Sans||||||||&#8221; text_text_color=&#8221;#486066&#8243; text_font_size=&#8221;15px&#8221; text_line_height=&#8221;1.8em&#8221; header_font=&#8221;||||||||&#8221; global_colors_info=&#8221;{}&#8221;]<\/p>\n<ul>\n<li>L\u2019avaluaci\u00f3 de l\u2019actitud espont\u00e0nia, la postura, la mobilitat activa, la mobilitat passiva, els reflexos primitius, la mobilitat fina i l\u2019equilibri.<\/li>\n<li>L\u2019anamnesi dels s\u00edmptomes i antecedents.<\/li>\n<li>En cas de patologia respirat\u00f2ria: oximetria i auscultaci\u00f3.<\/li>\n<\/ul>\n<p>[\/et_pb_text][\/et_pb_column][\/et_pb_row][et_pb_row column_structure=&#8221;1_2,1_2&#8243; admin_label=&#8221;Row&#8221; _builder_version=&#8221;4.15&#8243; custom_padding=&#8221;|||&#8221; global_colors_info=&#8221;{}&#8221;][et_pb_column type=&#8221;1_2&#8243; _builder_version=&#8221;4.15&#8243; custom_padding=&#8221;|||&#8221; global_colors_info=&#8221;{}&#8221; custom_padding__hover=&#8221;|||&#8221;][et_pb_text _builder_version=&#8221;4.15&#8243; text_font=&#8221;Open Sans||||||||&#8221; text_text_color=&#8221;#486066&#8243; text_font_size=&#8221;15px&#8221; text_line_height=&#8221;1.8em&#8221; header_font=&#8221;||||||||&#8221; global_colors_info=&#8221;{}&#8221;]<\/p>\n<p>Amb tota aquesta informaci\u00f3, juntament amb el diagn\u00f2stic m\u00e8dic, establirem un pla de tractament i uns objectius a aconseguir. Aquest pla s\u2019anir\u00e0 revisant i modificant en cas de que sigui necessari.<\/p>\n<p>Disposem d\u2019una sala preparada per als beb\u00e8s i nens, amb tots els equipaments adients per al tractament.<\/p>\n<p>[\/et_pb_text][\/et_pb_column][et_pb_column type=&#8221;1_2&#8243; _builder_version=&#8221;4.15&#8243; custom_padding=&#8221;|||&#8221; global_colors_info=&#8221;{}&#8221; custom_padding__hover=&#8221;|||&#8221;][et_pb_image src=&#8221;https:\/\/fisiolistic.com\/wp-content\/uploads\/2021\/09\/tratamiento-pediatria.jpg&#8221; title_text=&#8221;tratamiento-pediatria&#8221; show_bottom_space=&#8221;off&#8221; align_tablet=&#8221;center&#8221; align_phone=&#8221;&#8221; align_last_edited=&#8221;on|desktop&#8221; _builder_version=&#8221;4.15&#8243; custom_margin=&#8221;||||false|false&#8221; animation_style=&#8221;slide&#8221; animation_direction=&#8221;left&#8221; animation_intensity_slide=&#8221;8%&#8221; border_radii=&#8221;on|20px|20px|20px|20px&#8221; global_colors_info=&#8221;{}&#8221;][\/et_pb_image][\/et_pb_column][\/et_pb_row][et_pb_row admin_label=&#8221;Row&#8221; _builder_version=&#8221;4.9.0&#8243; custom_padding=&#8221;0px||||false|false&#8221; global_module=&#8221;898&#8243; global_colors_info=&#8221;{}&#8221;][et_pb_column type=&#8221;4_4&#8243; _builder_version=&#8221;4.15&#8243; custom_padding=&#8221;|||&#8221; global_colors_info=&#8221;{}&#8221; custom_padding__hover=&#8221;|||&#8221;][et_pb_text _builder_version=&#8221;4.15&#8243; text_font=&#8221;Open Sans||||||||&#8221; text_text_color=&#8221;#486066&#8243; text_font_size=&#8221;15px&#8221; text_line_height=&#8221;1.8em&#8221; header_font=&#8221;||||||||&#8221; global_colors_info=&#8221;{}&#8221;]<i>* La 10a sessi\u00f3 \u00e9s gratu\u00efta. Caduca als 6 mesos<\/i>[\/et_pb_text][\/et_pb_column][\/et_pb_row][\/et_pb_section][et_pb_section fb_built=&#8221;1&#8243; admin_label=&#8221;Join Now Call to Action&#8221; _builder_version=&#8221;4.15&#8243; background_color=&#8221;#008479&#8243; background_color_gradient_direction=&#8221;221deg&#8221; background_enable_image=&#8221;off&#8221; background_blend=&#8221;multiply&#8221; custom_margin=&#8221;|||&#8221; custom_padding=&#8221;120px|0px|110px|0px||&#8221; global_colors_info=&#8221;{}&#8221;][et_pb_row column_structure=&#8221;2_3,1_3&#8243; admin_label=&#8221;Call to Action&#8221; _builder_version=&#8221;4.15&#8243; global_colors_info=&#8221;{}&#8221;][et_pb_column type=&#8221;2_3&#8243; _builder_version=&#8221;4.15&#8243; custom_padding=&#8221;|||&#8221; global_colors_info=&#8221;{}&#8221; custom_padding__hover=&#8221;|||&#8221;][et_pb_text _builder_version=&#8221;4.15.1&#8243; text_font=&#8221;Poppins||||||||&#8221; text_text_color=&#8221;#FFFFFF&#8221; text_font_size=&#8221;18px&#8221; text_line_height=&#8221;1.8em&#8221; header_font=&#8221;||||||||&#8221; header_text_color=&#8221;#FFFFFF&#8221; header_font_size=&#8221;24px&#8221; header_3_font=&#8221;Poppins|600|||||||&#8221; header_3_text_color=&#8221;#FFFFFF&#8221; header_3_font_size=&#8221;36px&#8221; header_3_line_height=&#8221;1.4em&#8221; background_layout=&#8221;dark&#8221; custom_margin=&#8221;|||&#8221; hover_enabled=&#8221;0&#8243; global_colors_info=&#8221;{}&#8221; header_2_font=&#8221;|600|||||||&#8221; header_2_font_size=&#8221;37px&#8221; sticky_enabled=&#8221;0&#8243;]<\/p>\n<h2><strong>Est\u00e0s interessat?<\/strong><\/h2>\n<p>El nostre horari \u00e9s de dilluns a divendres (no festius) de 09: 00h a 13: 00h i de 16: 00h a 20: 00h.<\/p>\n<p>[\/et_pb_text][\/et_pb_column][et_pb_column type=&#8221;1_3&#8243; _builder_version=&#8221;4.15&#8243; custom_padding=&#8221;|||&#8221; global_colors_info=&#8221;{}&#8221; custom_padding__hover=&#8221;|||&#8221;][et_pb_button button_url=&#8221;@ET-DC@eyJkeW5hbWljIjp0cnVlLCJjb250ZW50IjoicG9zdF9saW5rX3VybF9wYWdlIiwic2V0dGluZ3MiOnsicG9zdF9pZCI6IjExMCJ9fQ==@&#8221; button_text=&#8221;RESERVAR CITA&#8221; _builder_version=&#8221;4.9.0&#8243; _dynamic_attributes=&#8221;button_url&#8221; custom_button=&#8221;on&#8221; button_text_size=&#8221;14px&#8221; button_text_color=&#8221;#008479&#8243; button_bg_color=&#8221;#FFFFFF&#8221; button_border_width=&#8221;0px&#8221; button_border_radius=&#8221;100px&#8221; button_font=&#8221;Poppins|600||on|||||&#8221; background_layout=&#8221;dark&#8221; custom_margin=&#8221;3vw||||false|false&#8221; custom_padding=&#8221;12px|36px|12px|36px&#8221; box_shadow_style=&#8221;preset1&#8243; box_shadow_blur=&#8221;16px&#8221; box_shadow_color=&#8221;rgba(0,0,0,0.16)&#8221; button_letter_spacing_hover=&#8221;0&#8243; locked=&#8221;off&#8221; global_colors_info=&#8221;{}&#8221; button_text_size__hover_enabled=&#8221;off&#8221; button_one_text_size__hover_enabled=&#8221;off&#8221; button_two_text_size__hover_enabled=&#8221;off&#8221; button_text_color__hover_enabled=&#8221;off&#8221; button_one_text_color__hover_enabled=&#8221;off&#8221; button_two_text_color__hover_enabled=&#8221;off&#8221; button_border_width__hover_enabled=&#8221;off&#8221; button_one_border_width__hover_enabled=&#8221;off&#8221; button_two_border_width__hover_enabled=&#8221;off&#8221; button_border_color__hover_enabled=&#8221;off&#8221; button_one_border_color__hover_enabled=&#8221;off&#8221; button_two_border_color__hover_enabled=&#8221;off&#8221; button_border_radius__hover_enabled=&#8221;off&#8221; button_one_border_radius__hover_enabled=&#8221;off&#8221; button_two_border_radius__hover_enabled=&#8221;off&#8221; button_letter_spacing__hover_enabled=&#8221;on&#8221; button_letter_spacing__hover=&#8221;0&#8243; button_one_letter_spacing__hover_enabled=&#8221;off&#8221; button_two_letter_spacing__hover_enabled=&#8221;off&#8221; button_bg_color__hover_enabled=&#8221;off&#8221; button_one_bg_color__hover_enabled=&#8221;off&#8221; button_two_bg_color__hover_enabled=&#8221;off&#8221;][\/et_pb_button][\/et_pb_column][\/et_pb_row][\/et_pb_section]<\/p>\n","protected":false},"excerpt":{"rendered":"<p>ServeisFisioter\u00e0pia Pedi\u00e0tricaSessi\u00f3 llarga (50-60 min) 40 \u20ac* Sessi\u00f3 curta (25-30 min) 20 \u20ac Els nadons i els nens tenen caracter\u00edstiques espec\u00edfiques i per aix\u00f2 requereixen d\u2019un tractament espec\u00edfic. Es poden beneficiar d\u2019aquesta ter\u00e0pia els nadons i nens afectats de patologies com: Torticoli Escur\u00e7aments musculars Retards psicomotor Alteracions de la postura Problemes respiratoris Patologies neurol\u00f2giques I [&hellip;]<\/p>\n","protected":false},"author":1,"featured_media":0,"parent":0,"menu_order":0,"comment_status":"closed","ping_status":"closed","template":"","meta":{"_et_pb_use_builder":"on","_et_pb_old_content":"","_et_gb_content_width":"","footnotes":""},"class_list":["post-793","page","type-page","status-publish","hentry"],"aioseo_notices":[],"_links":{"self":[{"href":"https:\/\/fisiolistic.com\/ca\/wp-json\/wp\/v2\/pages\/793","targetHints":{"allow":["GET"]}}],"collection":[{"href":"https:\/\/fisiolistic.com\/ca\/wp-json\/wp\/v2\/pages"}],"about":[{"href":"https:\/\/fisiolistic.com\/ca\/wp-json\/wp\/v2\/types\/page"}],"author":[{"embeddable":true,"href":"https:\/\/fisiolistic.com\/ca\/wp-json\/wp\/v2\/users\/1"}],"replies":[{"embeddable":true,"href":"https:\/\/fisiolistic.com\/ca\/wp-json\/wp\/v2\/comments?post=793"}],"version-history":[{"count":10,"href":"https:\/\/fisiolistic.com\/ca\/wp-json\/wp\/v2\/pages\/793\/revisions"}],"predecessor-version":[{"id":1831,"href":"https:\/\/fisiolistic.com\/ca\/wp-json\/wp\/v2\/pages\/793\/revisions\/1831"}],"wp:attachment":[{"href":"https:\/\/fisiolistic.com\/ca\/wp-json\/wp\/v2\/media?parent=793"}],"curies":[{"name":"wp","href":"https:\/\/api.w.org\/{rel}","templated":true}]}}