{"id":778,"date":"2021-09-03T13:10:59","date_gmt":"2021-09-03T13:10:59","guid":{"rendered":"https:\/\/fisiolistic.com\/nueva\/?page_id=778"},"modified":"2025-05-12T09:27:29","modified_gmt":"2025-05-12T09:27:29","slug":"dolors-i-lesions","status":"publish","type":"page","link":"https:\/\/fisiolistic.com\/ca\/dolors-i-lesions\/","title":{"rendered":"Dolors i Lesions"},"content":{"rendered":"<p>[et_pb_section fb_built=&#8221;1&#8243; admin_label=&#8221;About Us Section&#8221; _builder_version=&#8221;4.15&#8243; custom_margin=&#8221;||110px||false|false&#8221; custom_padding=&#8221;80px|0px|0px|0px|false|false&#8221; global_colors_info=&#8221;{}&#8221;][et_pb_row column_structure=&#8221;1_2,1_4,1_4&#8243; admin_label=&#8221;Row&#8221; _builder_version=&#8221;4.15&#8243; custom_padding=&#8221;|||&#8221; global_colors_info=&#8221;{}&#8221;][et_pb_column type=&#8221;1_2&#8243; _builder_version=&#8221;4.15&#8243; custom_padding=&#8221;|||&#8221; global_colors_info=&#8221;{}&#8221; custom_padding__hover=&#8221;|||&#8221;][et_pb_text _builder_version=&#8221;4.15.1&#8243; text_font=&#8221;|||on|||||&#8221; header_font=&#8221;||||||||&#8221; header_2_font=&#8221;|500||on|||||&#8221; header_2_text_color=&#8221;rgba(0,0,0,0.2)&#8221; header_2_font_size=&#8221;16px&#8221; header_2_letter_spacing=&#8221;1px&#8221; header_2_line_height=&#8221;1.3em&#8221; custom_margin=&#8221;||20px|&#8221; hover_enabled=&#8221;0&#8243; saved_tabs=&#8221;all&#8221; locked=&#8221;off&#8221; global_colors_info=&#8221;{}&#8221; text_font_size=&#8221;16px&#8221; text_text_color=&#8221;rgba(0,0,0,0.2)&#8221; sticky_enabled=&#8221;0&#8243;]<\/p>\n<p>Serveis<\/p>\n<p>[\/et_pb_text][et_pb_text _builder_version=&#8221;4.15&#8243; text_font=&#8221;||||||||&#8221; header_font=&#8221;Poppins|600|||||||&#8221; header_text_color=&#8221;#008479&#8243; header_font_size=&#8221;36px&#8221; header_line_height=&#8221;1.4em&#8221; header_3_font=&#8221;Poppins|600|||||||&#8221; header_3_text_color=&#8221;#008479&#8243; header_3_font_size=&#8221;36px&#8221; header_3_line_height=&#8221;1.4em&#8221; global_colors_info=&#8221;{}&#8221;]<\/p>\n<h1>Dolors i Lesions<\/h1>\n<p>[\/et_pb_text][\/et_pb_column][et_pb_column type=&#8221;1_4&#8243; _builder_version=&#8221;4.15&#8243; custom_padding=&#8221;|||&#8221; global_colors_info=&#8221;{}&#8221; custom_padding__hover=&#8221;|||&#8221;][et_pb_text _builder_version=&#8221;4.9.0&#8243; _module_preset=&#8221;default&#8221; text_font_size=&#8221;12px&#8221; header_2_font=&#8221;|600|||||||&#8221; header_2_font_size=&#8221;14px&#8221; header_3_font=&#8221;|600|||||||&#8221; header_3_text_align=&#8221;center&#8221; header_3_text_color=&#8221;#008479&#8243; header_3_font_size=&#8221;26px&#8221; header_3_line_height=&#8221;1.4em&#8221; text_orientation=&#8221;center&#8221; custom_margin=&#8221;||||false|false&#8221; custom_padding=&#8221;10px|10px|0px|10px|false|true&#8221; border_radii=&#8221;on|20px|20px|20px|20px&#8221; border_width_all=&#8221;2px&#8221; border_color_all=&#8221;#008479&#8243; global_module=&#8221;896&#8243; saved_tabs=&#8221;all&#8221; global_colors_info=&#8221;{}&#8221;]<\/p>\n<h2>Sessi\u00f3 llarga (50-60 min)<\/h2>\n<h3>40 \u20ac*<\/h3>\n<p>[\/et_pb_text][\/et_pb_column][et_pb_column type=&#8221;1_4&#8243; _builder_version=&#8221;4.15&#8243; custom_padding=&#8221;|||&#8221; global_colors_info=&#8221;{}&#8221; custom_padding__hover=&#8221;|||&#8221;][et_pb_text _builder_version=&#8221;4.9.0&#8243; _module_preset=&#8221;default&#8221; text_font_size=&#8221;12px&#8221; header_2_font=&#8221;|600|||||||&#8221; header_2_font_size=&#8221;14px&#8221; header_3_font=&#8221;|600|||||||&#8221; header_3_text_align=&#8221;center&#8221; header_3_text_color=&#8221;#008479&#8243; header_3_font_size=&#8221;26px&#8221; header_3_line_height=&#8221;1.4em&#8221; text_orientation=&#8221;center&#8221; custom_margin=&#8221;||||false|false&#8221; custom_padding=&#8221;10px|10px|0px|10px|false|true&#8221; border_radii=&#8221;on|20px|20px|20px|20px&#8221; border_width_all=&#8221;2px&#8221; border_color_all=&#8221;#008479&#8243; global_module=&#8221;897&#8243; saved_tabs=&#8221;all&#8221; global_colors_info=&#8221;{}&#8221;]<\/p>\n<h2>Sessi\u00f3 curta (25-30 min)<\/h2>\n<h3>20 \u20ac<\/h3>\n<p>[\/et_pb_text][\/et_pb_column][\/et_pb_row][et_pb_row column_structure=&#8221;1_2,1_2&#8243; admin_label=&#8221;Row&#8221; _builder_version=&#8221;4.15&#8243; custom_padding=&#8221;0px||||false|false&#8221; global_colors_info=&#8221;{}&#8221;][et_pb_column type=&#8221;1_2&#8243; _builder_version=&#8221;4.15&#8243; custom_padding=&#8221;|||&#8221; global_colors_info=&#8221;{}&#8221; custom_padding__hover=&#8221;|||&#8221;][et_pb_text _builder_version=&#8221;4.15&#8243; text_font=&#8221;Open Sans||||||||&#8221; text_text_color=&#8221;#486066&#8243; text_font_size=&#8221;15px&#8221; text_line_height=&#8221;1.8em&#8221; header_font=&#8221;||||||||&#8221; global_colors_info=&#8221;{}&#8221;]<\/p>\n<p>Abans d&#8217;iniciar un tractament realitzarem:<\/p>\n<ul>\n<li>L&#8217;exploraci\u00f3 de la postura i la din\u00e0mica del pacient.<\/li>\n<li>L&#8217;anamnesi on s&#8217;ha d&#8217;explicar el motiu de la consulta, els antecedents patol\u00f2gics, etc.<\/li>\n<\/ul>\n<p>Amb tot aix\u00f2 i al costat del diagn\u00f2stic m\u00e8dic que el pacient ens proporcioni, obtindrem un pla de tractament de fisioter\u00e0pia i s&#8217;establiran els objectius de tractament a aconseguir.<\/p>\n<p>De manera peri\u00f2dica es revisar\u00e0 i\/o modificar\u00e0 el pla segons la resposta del pacient.<\/p>\n<p>[\/et_pb_text][\/et_pb_column][et_pb_column type=&#8221;1_2&#8243; _builder_version=&#8221;4.15&#8243; custom_padding=&#8221;|||&#8221; global_colors_info=&#8221;{}&#8221; custom_padding__hover=&#8221;|||&#8221;][et_pb_image src=&#8221;https:\/\/fisiolistic.com\/wp-content\/uploads\/2021\/07\/dolores-y-lesiones-fisioli\u0301stic.jpg&#8221; title_text=&#8221;dolores y lesiones fisioli\u0301stic&#8221; align_tablet=&#8221;center&#8221; align_phone=&#8221;&#8221; align_last_edited=&#8221;on|desktop&#8221; _builder_version=&#8221;4.15&#8243; animation_style=&#8221;slide&#8221; animation_direction=&#8221;left&#8221; animation_intensity_slide=&#8221;8%&#8221; border_radii=&#8221;on|20px|20px|20px|20px&#8221; global_colors_info=&#8221;{}&#8221;][\/et_pb_image][\/et_pb_column][\/et_pb_row][et_pb_row admin_label=&#8221;Row&#8221; _builder_version=&#8221;4.15&#8243; custom_padding=&#8221;0px||||false|false&#8221; global_colors_info=&#8221;{}&#8221;][et_pb_column type=&#8221;4_4&#8243; _builder_version=&#8221;4.15&#8243; custom_padding=&#8221;|||&#8221; global_colors_info=&#8221;{}&#8221; custom_padding__hover=&#8221;|||&#8221;][et_pb_text _builder_version=&#8221;4.15&#8243; text_font=&#8221;Open Sans||||||||&#8221; text_text_color=&#8221;#486066&#8243; text_font_size=&#8221;15px&#8221; text_line_height=&#8221;1.8em&#8221; header_font=&#8221;||||||||&#8221; global_colors_info=&#8221;{}&#8221;]La base dels nostres tractaments \u00e9s la ter\u00e0pia manual (t\u00e8cniques osteop\u00e1ticas, ter\u00e0pia visceral, massatge\u2026), que complementem amb aparatolog\u00eda d&#8217;\u00faltima tecnologia (INDIBA, Physium, Ondas de xoc, magnetoterapia\u2026) i altres t\u00e8cniques alternatives (punci\u00f3 seca\u2026)[\/et_pb_text][et_pb_text _builder_version=&#8221;4.15&#8243; text_font=&#8221;Open Sans|600|||||||&#8221; text_text_color=&#8221;#008479&#8243; text_font_size=&#8221;15px&#8221; text_line_height=&#8221;1.8em&#8221; header_font=&#8221;||||||||&#8221; global_colors_info=&#8221;{}&#8221;]Es poden beneficiar dels nostres tractaments les persones:[\/et_pb_text][\/et_pb_column][\/et_pb_row][et_pb_row column_structure=&#8221;1_5,1_5,1_5,1_5,1_5&#8243; _builder_version=&#8221;4.15&#8243; _module_preset=&#8221;default&#8221; global_colors_info=&#8221;{}&#8221;][et_pb_column type=&#8221;1_5&#8243; _builder_version=&#8221;4.15&#8243; _module_preset=&#8221;default&#8221; global_colors_info=&#8221;{}&#8221;][et_pb_image src=&#8221;https:\/\/fisiolistic.com\/wp-content\/uploads\/2021\/09\/embarazadas.png&#8221; title_text=&#8221;embarazadas&#8221; align=&#8221;center&#8221; _builder_version=&#8221;4.15&#8243; _module_preset=&#8221;default&#8221; global_colors_info=&#8221;{}&#8221;][\/et_pb_image][et_pb_text _builder_version=&#8221;4.15&#8243; _module_preset=&#8221;default&#8221; header_3_font=&#8221;|600|||||||&#8221; header_3_text_align=&#8221;center&#8221; global_colors_info=&#8221;{}&#8221;]<\/p>\n<h3>Embarassades<\/h3>\n<p>[\/et_pb_text][\/et_pb_column][et_pb_column type=&#8221;1_5&#8243; _builder_version=&#8221;4.15&#8243; _module_preset=&#8221;default&#8221; global_colors_info=&#8221;{}&#8221;][et_pb_image src=&#8221;https:\/\/fisiolistic.com\/wp-content\/uploads\/2021\/09\/deportistas.png&#8221; title_text=&#8221;deportistas&#8221; align=&#8221;center&#8221; _builder_version=&#8221;4.15&#8243; _module_preset=&#8221;default&#8221; global_colors_info=&#8221;{}&#8221;][\/et_pb_image][et_pb_text _builder_version=&#8221;4.15&#8243; _module_preset=&#8221;default&#8221; header_3_font=&#8221;|600|||||||&#8221; header_3_text_align=&#8221;center&#8221; global_colors_info=&#8221;{}&#8221;]<\/p>\n<h3>Esportistes<\/h3>\n<p>[\/et_pb_text][\/et_pb_column][et_pb_column type=&#8221;1_5&#8243; _builder_version=&#8221;4.15&#8243; _module_preset=&#8221;default&#8221; global_colors_info=&#8221;{}&#8221;][et_pb_image src=&#8221;https:\/\/fisiolistic.com\/wp-content\/uploads\/2021\/09\/tercera-edad.png&#8221; title_text=&#8221;tercera-edad&#8221; align=&#8221;center&#8221; _builder_version=&#8221;4.15&#8243; _module_preset=&#8221;default&#8221; global_colors_info=&#8221;{}&#8221;][\/et_pb_image][et_pb_text _builder_version=&#8221;4.15&#8243; _module_preset=&#8221;default&#8221; header_3_font=&#8221;|600|||||||&#8221; header_3_text_align=&#8221;center&#8221; global_colors_info=&#8221;{}&#8221;]<\/p>\n<h3>De la 3a edat<\/h3>\n<p>[\/et_pb_text][\/et_pb_column][et_pb_column type=&#8221;1_5&#8243; _builder_version=&#8221;4.15&#8243; _module_preset=&#8221;default&#8221; global_colors_info=&#8221;{}&#8221;][et_pb_image src=&#8221;https:\/\/fisiolistic.com\/wp-content\/uploads\/2021\/09\/adultos.png&#8221; title_text=&#8221;adultos&#8221; align=&#8221;center&#8221; _builder_version=&#8221;4.15&#8243; _module_preset=&#8221;default&#8221; global_colors_info=&#8221;{}&#8221;][\/et_pb_image][et_pb_text _builder_version=&#8221;4.15&#8243; _module_preset=&#8221;default&#8221; header_3_font=&#8221;|600|||||||&#8221; header_3_text_align=&#8221;center&#8221; global_colors_info=&#8221;{}&#8221;]<\/p>\n<h3>Adultes<\/h3>\n<p>[\/et_pb_text][\/et_pb_column][et_pb_column type=&#8221;1_5&#8243; _builder_version=&#8221;4.15&#8243; _module_preset=&#8221;default&#8221; global_colors_info=&#8221;{}&#8221;][et_pb_image src=&#8221;https:\/\/fisiolistic.com\/wp-content\/uploads\/2021\/09\/ninos-adolescentes.png&#8221; title_text=&#8221;ninos-adolescentes&#8221; align=&#8221;center&#8221; _builder_version=&#8221;4.15&#8243; _module_preset=&#8221;default&#8221; global_colors_info=&#8221;{}&#8221;][\/et_pb_image][et_pb_text _builder_version=&#8221;4.15&#8243; _module_preset=&#8221;default&#8221; header_3_font=&#8221;|600|||||||&#8221; header_3_text_align=&#8221;center&#8221; global_colors_info=&#8221;{}&#8221;]<\/p>\n<h3>Nens i adolescents<\/h3>\n<p>[\/et_pb_text][\/et_pb_column][\/et_pb_row][et_pb_row admin_label=&#8221;Row&#8221; _builder_version=&#8221;4.15&#8243; custom_padding=&#8221;0px||||false|false&#8221; global_colors_info=&#8221;{}&#8221;][et_pb_column type=&#8221;4_4&#8243; _builder_version=&#8221;4.15&#8243; custom_padding=&#8221;|||&#8221; global_colors_info=&#8221;{}&#8221; custom_padding__hover=&#8221;|||&#8221;][et_pb_text _builder_version=&#8221;4.15&#8243; text_font=&#8221;Open Sans|600|||||||&#8221; text_text_color=&#8221;#008479&#8243; text_font_size=&#8221;15px&#8221; text_line_height=&#8221;1.8em&#8221; header_font=&#8221;||||||||&#8221; global_colors_info=&#8221;{}&#8221;]Per a tractar o alleujar els s\u00edmptomes de:[\/et_pb_text][\/et_pb_column][\/et_pb_row][et_pb_row column_structure=&#8221;1_3,1_3,1_3&#8243; _builder_version=&#8221;4.15&#8243; _module_preset=&#8221;default&#8221; global_colors_info=&#8221;{}&#8221;][et_pb_column type=&#8221;1_3&#8243; _builder_version=&#8221;4.15&#8243; _module_preset=&#8221;default&#8221; global_colors_info=&#8221;{}&#8221;][et_pb_text _builder_version=&#8221;4.15&#8243; _module_preset=&#8221;default&#8221; header_3_font=&#8221;|600|||||||&#8221; header_3_text_align=&#8221;center&#8221; header_3_text_color=&#8221;#008479&#8243; header_3_font_size=&#8221;17px&#8221; header_3_line_height=&#8221;1.4em&#8221; text_orientation=&#8221;center&#8221; custom_margin=&#8221;||||false|false&#8221; custom_padding=&#8221;20px|15px|20px|15px|true|true&#8221; border_radii=&#8221;on|20px|20px|20px|20px&#8221; border_width_all=&#8221;2px&#8221; border_color_all=&#8221;#008479&#8243; global_colors_info=&#8221;{}&#8221;]<\/p>\n<h3>Dolores cr\u00f2nics de tipus funcional<\/h3>\n<p>Un dolor funcional \u00e9s tot aquell que no prov\u00e9 d&#8217;una malaltia org\u00e0nica, per\u00f2 que empitjora la qualitat de vida de la persona, com per exemple: lumb\u00e0lgia, colze de tennista, contractures musculars\u2026[\/et_pb_text][\/et_pb_column][et_pb_column type=&#8221;1_3&#8243; _builder_version=&#8221;4.15&#8243; _module_preset=&#8221;default&#8221; global_colors_info=&#8221;{}&#8221;][et_pb_text _builder_version=&#8221;4.15&#8243; _module_preset=&#8221;default&#8221; header_3_font=&#8221;|600|||||||&#8221; header_3_text_align=&#8221;center&#8221; header_3_text_color=&#8221;#008479&#8243; header_3_font_size=&#8221;17px&#8221; header_3_line_height=&#8221;1.4em&#8221; text_orientation=&#8221;center&#8221; custom_margin=&#8221;||||false|false&#8221; custom_padding=&#8221;20px|15px|20px|15px|true|true&#8221; border_radii=&#8221;on|20px|20px|20px|20px&#8221; border_width_all=&#8221;2px&#8221; border_color_all=&#8221;#008479&#8243; global_colors_info=&#8221;{}&#8221;]<\/p>\n<h3>Dolores de l&#8217;Articulaci\u00f3 Temporo-Mandibular<\/h3>\n<p>Clics, bruxisme, limitacions de mobilitat\u2026[\/et_pb_text][\/et_pb_column][et_pb_column type=&#8221;1_3&#8243; _builder_version=&#8221;4.15&#8243; _module_preset=&#8221;default&#8221; global_colors_info=&#8221;{}&#8221;][et_pb_text _builder_version=&#8221;4.15&#8243; _module_preset=&#8221;default&#8221; header_3_font=&#8221;|600|||||||&#8221; header_3_text_align=&#8221;center&#8221; header_3_text_color=&#8221;#008479&#8243; header_3_font_size=&#8221;17px&#8221; header_3_line_height=&#8221;1.4em&#8221; text_orientation=&#8221;center&#8221; custom_margin=&#8221;||||false|false&#8221; custom_padding=&#8221;20px|15px|20px|15px|true|true&#8221; border_radii=&#8221;on|20px|20px|20px|20px&#8221; border_width_all=&#8221;2px&#8221; border_color_all=&#8221;#008479&#8243; global_colors_info=&#8221;{}&#8221;]<\/p>\n<h3>Cefalees tensionals<\/h3>\n<p>Aquestes cefalees solen tenir origen en contractures i descentratges vertebrals de la zona de les cervicals.<\/p>\n<p>[\/et_pb_text][\/et_pb_column][\/et_pb_row][et_pb_row column_structure=&#8221;1_3,1_3,1_3&#8243; _builder_version=&#8221;4.15&#8243; _module_preset=&#8221;default&#8221; global_colors_info=&#8221;{}&#8221;][et_pb_column type=&#8221;1_3&#8243; _builder_version=&#8221;4.15&#8243; _module_preset=&#8221;default&#8221; global_colors_info=&#8221;{}&#8221;][et_pb_text _builder_version=&#8221;4.15&#8243; _module_preset=&#8221;default&#8221; header_3_font=&#8221;|600|||||||&#8221; header_3_text_align=&#8221;center&#8221; header_3_text_color=&#8221;#008479&#8243; header_3_font_size=&#8221;17px&#8221; header_3_line_height=&#8221;1.4em&#8221; text_orientation=&#8221;center&#8221; custom_margin=&#8221;||||false|false&#8221; custom_padding=&#8221;20px|15px|20px|15px|true|true&#8221; border_radii=&#8221;on|20px|20px|20px|20px&#8221; border_width_all=&#8221;2px&#8221; border_color_all=&#8221;#008479&#8243; global_colors_info=&#8221;{}&#8221;]<\/p>\n<h3>Pre-post intervencions quir\u00fargiques<\/h3>\n<p>Genoll, maluc, columna\u2026[\/et_pb_text][\/et_pb_column][et_pb_column type=&#8221;1_3&#8243; _builder_version=&#8221;4.15&#8243; _module_preset=&#8221;default&#8221; global_colors_info=&#8221;{}&#8221;][et_pb_text _builder_version=&#8221;4.15&#8243; _module_preset=&#8221;default&#8221; header_3_font=&#8221;|600|||||||&#8221; header_3_text_align=&#8221;center&#8221; header_3_text_color=&#8221;#008479&#8243; header_3_font_size=&#8221;17px&#8221; header_3_line_height=&#8221;1.4em&#8221; text_orientation=&#8221;center&#8221; custom_margin=&#8221;||||false|false&#8221; custom_padding=&#8221;20px|15px|20px|15px|true|true&#8221; border_radii=&#8221;on|20px|20px|20px|20px&#8221; border_width_all=&#8221;2px&#8221; border_color_all=&#8221;#008479&#8243; global_colors_info=&#8221;{}&#8221;]<\/p>\n<h3>Lesions agudes<\/h3>\n<p>Esquin\u00e7 de turmell, trencaments fibril\u00b7lars, ci\u00e0tica\u2026[\/et_pb_text][\/et_pb_column][et_pb_column type=&#8221;1_3&#8243; _builder_version=&#8221;4.15&#8243; _module_preset=&#8221;default&#8221; global_colors_info=&#8221;{}&#8221;][et_pb_text _builder_version=&#8221;4.15&#8243; _module_preset=&#8221;default&#8221; header_3_font=&#8221;|600|||||||&#8221; header_3_text_align=&#8221;center&#8221; header_3_text_color=&#8221;#008479&#8243; header_3_font_size=&#8221;17px&#8221; header_3_line_height=&#8221;1.4em&#8221; text_orientation=&#8221;center&#8221; custom_margin=&#8221;||||false|false&#8221; custom_padding=&#8221;20px|15px|20px|15px|true|true&#8221; border_radii=&#8221;on|20px|20px|20px|20px&#8221; border_width_all=&#8221;2px&#8221; border_color_all=&#8221;#008479&#8243; global_colors_info=&#8221;{}&#8221;]<\/p>\n<h3>Accidents<\/h3>\n<p>Fuetada cervical, caigudes, cops\u2026[\/et_pb_text][\/et_pb_column][\/et_pb_row][et_pb_row admin_label=&#8221;Row&#8221; _builder_version=&#8221;4.9.0&#8243; custom_padding=&#8221;0px||||false|false&#8221; global_module=&#8221;898&#8243; saved_tabs=&#8221;all&#8221; global_colors_info=&#8221;{}&#8221;][et_pb_column type=&#8221;4_4&#8243; _builder_version=&#8221;4.15&#8243; custom_padding=&#8221;|||&#8221; global_colors_info=&#8221;{}&#8221; custom_padding__hover=&#8221;|||&#8221;][et_pb_text _builder_version=&#8221;4.15&#8243; text_font=&#8221;Open Sans||||||||&#8221; text_text_color=&#8221;#486066&#8243; text_font_size=&#8221;15px&#8221; text_line_height=&#8221;1.8em&#8221; header_font=&#8221;||||||||&#8221; global_colors_info=&#8221;{}&#8221;]<i>* La 10a sessi\u00f3 \u00e9s gratu\u00efta. Caduca als 6 mesos<\/i>[\/et_pb_text][\/et_pb_column][\/et_pb_row][\/et_pb_section][et_pb_section fb_built=&#8221;1&#8243; admin_label=&#8221;Join Now Call to Action&#8221; _builder_version=&#8221;4.15&#8243; background_color=&#8221;#008479&#8243; background_color_gradient_direction=&#8221;221deg&#8221; background_enable_image=&#8221;off&#8221; background_blend=&#8221;multiply&#8221; custom_margin=&#8221;|||&#8221; custom_padding=&#8221;120px|0px|110px|0px||&#8221; global_colors_info=&#8221;{}&#8221;][et_pb_row column_structure=&#8221;2_3,1_3&#8243; admin_label=&#8221;Call to Action&#8221; _builder_version=&#8221;4.15&#8243; global_colors_info=&#8221;{}&#8221;][et_pb_column type=&#8221;2_3&#8243; _builder_version=&#8221;4.15&#8243; custom_padding=&#8221;|||&#8221; global_colors_info=&#8221;{}&#8221; custom_padding__hover=&#8221;|||&#8221;][et_pb_text _builder_version=&#8221;4.15.1&#8243; text_font=&#8221;Poppins||||||||&#8221; text_text_color=&#8221;#FFFFFF&#8221; text_font_size=&#8221;18px&#8221; text_line_height=&#8221;1.8em&#8221; header_font=&#8221;||||||||&#8221; header_text_color=&#8221;#FFFFFF&#8221; header_font_size=&#8221;24px&#8221; header_3_font=&#8221;|600|||||||&#8221; header_3_text_color=&#8221;#FFFFFF&#8221; header_3_font_size=&#8221;36px&#8221; header_3_line_height=&#8221;1.4em&#8221; background_layout=&#8221;dark&#8221; custom_margin=&#8221;|||&#8221; hover_enabled=&#8221;0&#8243; global_colors_info=&#8221;{}&#8221; header_2_font=&#8221;|600|||||||&#8221; header_2_font_size=&#8221;36px&#8221; sticky_enabled=&#8221;0&#8243;]<\/p>\n<h2><strong>E<\/strong><strong>st\u00e0s interessat?<\/strong><\/h2>\n<p>El nostre horari \u00e9s de dilluns a divendres (no festius) de 09: 00h a 13: 00h i de 16: 00h a 20: 00h.<\/p>\n<p>[\/et_pb_text][\/et_pb_column][et_pb_column type=&#8221;1_3&#8243; _builder_version=&#8221;4.15&#8243; custom_padding=&#8221;|||&#8221; global_colors_info=&#8221;{}&#8221; custom_padding__hover=&#8221;|||&#8221;][et_pb_button button_url=&#8221;@ET-DC@eyJkeW5hbWljIjp0cnVlLCJjb250ZW50IjoicG9zdF9saW5rX3VybF9wYWdlIiwic2V0dGluZ3MiOnsicG9zdF9pZCI6IjExMCJ9fQ==@&#8221; button_text=&#8221;RESERVAR CITA&#8221; _builder_version=&#8221;4.9.0&#8243; _dynamic_attributes=&#8221;button_url&#8221; custom_button=&#8221;on&#8221; button_text_size=&#8221;14px&#8221; button_text_color=&#8221;#008479&#8243; button_bg_color=&#8221;#FFFFFF&#8221; button_border_width=&#8221;0px&#8221; button_border_radius=&#8221;100px&#8221; button_font=&#8221;Poppins|600||on|||||&#8221; background_layout=&#8221;dark&#8221; custom_margin=&#8221;3vw||||false|false&#8221; custom_padding=&#8221;12px|36px|12px|36px&#8221; box_shadow_style=&#8221;preset1&#8243; box_shadow_blur=&#8221;16px&#8221; box_shadow_color=&#8221;rgba(0,0,0,0.16)&#8221; button_letter_spacing_hover=&#8221;0&#8243; locked=&#8221;off&#8221; global_colors_info=&#8221;{}&#8221; button_text_size__hover_enabled=&#8221;off&#8221; button_one_text_size__hover_enabled=&#8221;off&#8221; button_two_text_size__hover_enabled=&#8221;off&#8221; button_text_color__hover_enabled=&#8221;off&#8221; button_one_text_color__hover_enabled=&#8221;off&#8221; button_two_text_color__hover_enabled=&#8221;off&#8221; button_border_width__hover_enabled=&#8221;off&#8221; button_one_border_width__hover_enabled=&#8221;off&#8221; button_two_border_width__hover_enabled=&#8221;off&#8221; button_border_color__hover_enabled=&#8221;off&#8221; button_one_border_color__hover_enabled=&#8221;off&#8221; button_two_border_color__hover_enabled=&#8221;off&#8221; button_border_radius__hover_enabled=&#8221;off&#8221; button_one_border_radius__hover_enabled=&#8221;off&#8221; button_two_border_radius__hover_enabled=&#8221;off&#8221; button_letter_spacing__hover_enabled=&#8221;on&#8221; button_letter_spacing__hover=&#8221;0&#8243; button_one_letter_spacing__hover_enabled=&#8221;off&#8221; button_two_letter_spacing__hover_enabled=&#8221;off&#8221; button_bg_color__hover_enabled=&#8221;off&#8221; button_one_bg_color__hover_enabled=&#8221;off&#8221; button_two_bg_color__hover_enabled=&#8221;off&#8221;][\/et_pb_button][\/et_pb_column][\/et_pb_row][\/et_pb_section]<\/p>\n","protected":false},"excerpt":{"rendered":"<p>ServeisDolors i LesionsSessi\u00f3 llarga (50-60 min) 40 \u20ac* Sessi\u00f3 curta (25-30 min) 20 \u20ac Abans d&#8217;iniciar un tractament realitzarem: L&#8217;exploraci\u00f3 de la postura i la din\u00e0mica del pacient. L&#8217;anamnesi on s&#8217;ha d&#8217;explicar el motiu de la consulta, els antecedents patol\u00f2gics, etc. Amb tot aix\u00f2 i al costat del diagn\u00f2stic m\u00e8dic que el pacient ens proporcioni, [&hellip;]<\/p>\n","protected":false},"author":1,"featured_media":0,"parent":0,"menu_order":0,"comment_status":"closed","ping_status":"closed","template":"","meta":{"_et_pb_use_builder":"on","_et_pb_old_content":"","_et_gb_content_width":"","footnotes":""},"class_list":["post-778","page","type-page","status-publish","hentry"],"aioseo_notices":[],"_links":{"self":[{"href":"https:\/\/fisiolistic.com\/ca\/wp-json\/wp\/v2\/pages\/778","targetHints":{"allow":["GET"]}}],"collection":[{"href":"https:\/\/fisiolistic.com\/ca\/wp-json\/wp\/v2\/pages"}],"about":[{"href":"https:\/\/fisiolistic.com\/ca\/wp-json\/wp\/v2\/types\/page"}],"author":[{"embeddable":true,"href":"https:\/\/fisiolistic.com\/ca\/wp-json\/wp\/v2\/users\/1"}],"replies":[{"embeddable":true,"href":"https:\/\/fisiolistic.com\/ca\/wp-json\/wp\/v2\/comments?post=778"}],"version-history":[{"count":11,"href":"https:\/\/fisiolistic.com\/ca\/wp-json\/wp\/v2\/pages\/778\/revisions"}],"predecessor-version":[{"id":1810,"href":"https:\/\/fisiolistic.com\/ca\/wp-json\/wp\/v2\/pages\/778\/revisions\/1810"}],"wp:attachment":[{"href":"https:\/\/fisiolistic.com\/ca\/wp-json\/wp\/v2\/media?parent=778"}],"curies":[{"name":"wp","href":"https:\/\/api.w.org\/{rel}","templated":true}]}}