{"id":629,"date":"2021-08-10T07:45:29","date_gmt":"2021-08-10T07:45:29","guid":{"rendered":"https:\/\/fisiolistic.com\/nueva\/?page_id=629"},"modified":"2025-01-23T10:30:44","modified_gmt":"2025-01-23T10:30:44","slug":"equip","status":"publish","type":"page","link":"https:\/\/fisiolistic.com\/ca\/equip\/","title":{"rendered":"Equip"},"content":{"rendered":"<p>[et_pb_section fb_built=&#8221;1&#8243; admin_label=&#8221;Hero Section&#8221; _builder_version=&#8221;4.9.0&#8243; background_enable_color=&#8221;off&#8221; use_background_color_gradient=&#8221;on&#8221; background_color_gradient_start=&#8221;#018379&#8243; background_color_gradient_end=&#8221;#018379&#8243; background_color_gradient_direction=&#8221;72deg&#8221; background_color_gradient_end_position=&#8221;62%&#8221; background_image=&#8221;https:\/\/fisiolistic.com\/wp-content\/uploads\/2021\/07\/the-doctor-massages-the-man-in-the-hospital.jpg&#8221; background_blend=&#8221;multiply&#8221; custom_padding=&#8221;60px|0px|60px|0px&#8221;][et_pb_row _builder_version=&#8221;3.25&#8243; background_size=&#8221;initial&#8221; background_position=&#8221;top_left&#8221; background_repeat=&#8221;repeat&#8221;][et_pb_column type=&#8221;4_4&#8243; _builder_version=&#8221;3.25&#8243; custom_padding=&#8221;|||&#8221; custom_padding__hover=&#8221;|||&#8221;][et_pb_text content_tablet=&#8221;&#8221; content_phone=&#8221;<\/p>\n<h1>Sobre Nosotros<\/h1>\n<p>Fisiol\u00edstic cuenta con un equipo formado por expertos profesionales <strong>CON UN TRATO PERSONAL<\/strong> y con amplios conocimientos y experiencia.&#8221; content_last_edited=&#8221;on|desktop&#8221; _builder_version=&#8221;4.9.0&#8243; text_font=&#8221;Poppins||||||||&#8221; text_text_color=&#8221;rgba(255,255,255,0.8)&#8221; text_font_size=&#8221;18px&#8221; text_line_height=&#8221;1.8em&#8221; header_font=&#8221;Poppins|600|||||||&#8221; header_text_color=&#8221;#ffffff&#8221; header_font_size=&#8221;48px&#8221; header_line_height=&#8221;1.4em&#8221; header_3_font=&#8221;Poppins|600|||||||&#8221; header_3_font_size=&#8221;36px&#8221; header_3_line_height=&#8221;1.4em&#8221; background_layout=&#8221;dark&#8221; max_width=&#8221;700px&#8221; module_alignment=&#8221;left&#8221; custom_margin=&#8221;|||&#8221; locked=&#8221;off&#8221;]<\/p>\n<h1>Sobre Nosaltres<\/h1>\n<p>Fisiol\u00edstic compta amb un equip format per experts professionals<br \/><strong>AMB UN TRACTE PERSONAL<\/strong> i amb amplis coneixements i experi\u00e8ncia.<\/p>\n<p>[\/et_pb_text][\/et_pb_column][\/et_pb_row][\/et_pb_section][et_pb_section fb_built=&#8221;1&#8243; admin_label=&#8221;About Us Section&#8221; _builder_version=&#8221;4.9.0&#8243; use_background_color_gradient=&#8221;on&#8221; background_color_gradient_start=&#8221;#ffffff&#8221; background_color_gradient_end=&#8221;#fafbfc&#8221; custom_padding=&#8221;110px|0px|110px|0px&#8221;][et_pb_row column_structure=&#8221;1_2,1_2&#8243; _builder_version=&#8221;3.25&#8243; custom_padding=&#8221;|||&#8221; locked=&#8221;off&#8221;][et_pb_column type=&#8221;1_2&#8243; _builder_version=&#8221;3.25&#8243; custom_padding=&#8221;|||&#8221; custom_padding__hover=&#8221;|||&#8221;][et_pb_text _builder_version=&#8221;4.9.0&#8243; text_font=&#8221;||||||||&#8221; header_font=&#8221;||||||||&#8221; header_2_font=&#8221;Poppins|500||on|||||&#8221; header_2_text_color=&#8221;rgba(0,0,0,0.2)&#8221; header_2_font_size=&#8221;16px&#8221; header_2_letter_spacing=&#8221;1px&#8221; header_2_line_height=&#8221;1.3em&#8221; custom_margin=&#8221;||20px|&#8221; saved_tabs=&#8221;all&#8221; locked=&#8221;off&#8221;]<\/p>\n<h2>El nostre equip<\/h2>\n<p>[\/et_pb_text][et_pb_text _builder_version=&#8221;4.9.0&#8243; text_font=&#8221;||||||||&#8221; header_font=&#8221;||||||||&#8221; header_3_font=&#8221;Poppins|600|||||||&#8221; header_3_text_color=&#8221;#008479&#8243; header_3_font_size=&#8221;36px&#8221; header_3_line_height=&#8221;1.4em&#8221;]<\/p>\n<h3>Fisiol\u00edstic el compon:<\/h3>\n<p>[\/et_pb_text][et_pb_blurb title=&#8221;Anna Mar\u00eda Bagu\u00e9 Cruz&#8221; use_icon=&#8221;on&#8221; font_icon=&#8221;%%202%%&#8221; icon_color=&#8221;#008479&#8243; icon_placement=&#8221;left&#8221; use_icon_font_size=&#8221;on&#8221; icon_font_size=&#8221;28px&#8221; _builder_version=&#8221;4.9.0&#8243; header_font=&#8221;Open Sans|600|||||||&#8221; header_text_color=&#8221;#486066&#8243; header_font_size=&#8221;15px&#8221; header_line_height=&#8221;1.8em&#8221; custom_margin=&#8221;||0px|&#8221; custom_padding=&#8221;|||&#8221; animation_style=&#8221;fade&#8221; animation=&#8221;off&#8221;][\/et_pb_blurb][et_pb_blurb title=&#8221;Roberto Viteri Rosero&#8221; use_icon=&#8221;on&#8221; font_icon=&#8221;%%202%%&#8221; icon_color=&#8221;#008479&#8243; icon_placement=&#8221;left&#8221; use_icon_font_size=&#8221;on&#8221; icon_font_size=&#8221;28px&#8221; _builder_version=&#8221;4.9.0&#8243; header_font=&#8221;Open Sans|600|||||||&#8221; header_text_color=&#8221;#486066&#8243; header_font_size=&#8221;15px&#8221; header_line_height=&#8221;1.8em&#8221; custom_margin=&#8221;||0px|&#8221; custom_padding=&#8221;|||&#8221; animation_style=&#8221;fade&#8221; animation=&#8221;off&#8221;][\/et_pb_blurb][et_pb_blurb title=&#8221;Alba Alarc\u00f3n Sanahuja&#8221; use_icon=&#8221;on&#8221; font_icon=&#8221;%%202%%&#8221; icon_color=&#8221;#008479&#8243; icon_placement=&#8221;left&#8221; use_icon_font_size=&#8221;on&#8221; icon_font_size=&#8221;28px&#8221; _builder_version=&#8221;4.9.0&#8243; header_font=&#8221;Open Sans|600|||||||&#8221; header_text_color=&#8221;#486066&#8243; header_font_size=&#8221;15px&#8221; header_line_height=&#8221;1.8em&#8221; custom_margin=&#8221;||0px|&#8221; custom_padding=&#8221;|||&#8221; animation_style=&#8221;fade&#8221; animation=&#8221;off&#8221;][\/et_pb_blurb][et_pb_blurb title=&#8221;Am\u00e0lia Giron\u00e8s Bel&#8221; use_icon=&#8221;on&#8221; font_icon=&#8221;%%202%%&#8221; icon_color=&#8221;#008479&#8243; icon_placement=&#8221;left&#8221; use_icon_font_size=&#8221;on&#8221; icon_font_size=&#8221;28px&#8221; _builder_version=&#8221;4.9.0&#8243; header_font=&#8221;Open Sans|600|||||||&#8221; header_text_color=&#8221;#486066&#8243; header_font_size=&#8221;15px&#8221; header_line_height=&#8221;1.8em&#8221; custom_margin=&#8221;||0px|&#8221; custom_padding=&#8221;|||&#8221; animation_style=&#8221;fade&#8221; animation=&#8221;off&#8221;][\/et_pb_blurb][et_pb_blurb title=&#8221;Palmira Mart\u00edn Benito&#8221; use_icon=&#8221;on&#8221; font_icon=&#8221;%%202%%&#8221; icon_color=&#8221;#008479&#8243; icon_placement=&#8221;left&#8221; use_icon_font_size=&#8221;on&#8221; icon_font_size=&#8221;28px&#8221; _builder_version=&#8221;4.9.0&#8243; header_font=&#8221;Open Sans|600|||||||&#8221; header_text_color=&#8221;#486066&#8243; header_font_size=&#8221;15px&#8221; header_line_height=&#8221;1.8em&#8221; custom_margin=&#8221;||0px|&#8221; custom_padding=&#8221;|||&#8221; animation_style=&#8221;fade&#8221; animation=&#8221;off&#8221;][\/et_pb_blurb][et_pb_blurb title=&#8221; David Aparicio \u00c1lvarez&#8221; use_icon=&#8221;on&#8221; font_icon=&#8221;%%202%%&#8221; icon_color=&#8221;#008479&#8243; icon_placement=&#8221;left&#8221; use_icon_font_size=&#8221;on&#8221; icon_font_size=&#8221;28px&#8221; _builder_version=&#8221;4.9.0&#8243; header_font=&#8221;Open Sans|600|||||||&#8221; header_text_color=&#8221;#486066&#8243; header_font_size=&#8221;15px&#8221; header_line_height=&#8221;1.8em&#8221; custom_margin=&#8221;||0px|&#8221; custom_padding=&#8221;|||&#8221; animation_style=&#8221;fade&#8221; animation=&#8221;off&#8221;][\/et_pb_blurb][et_pb_blurb title=&#8221;Laura \u00c1lvarez L\u00f3pez&#8221; use_icon=&#8221;on&#8221; font_icon=&#8221;%%202%%&#8221; icon_color=&#8221;#008479&#8243; icon_placement=&#8221;left&#8221; use_icon_font_size=&#8221;on&#8221; icon_font_size=&#8221;28px&#8221; _builder_version=&#8221;4.9.0&#8243; header_font=&#8221;Open Sans|600|||||||&#8221; header_text_color=&#8221;#486066&#8243; header_font_size=&#8221;15px&#8221; header_line_height=&#8221;1.8em&#8221; custom_margin=&#8221;||0px|&#8221; custom_padding=&#8221;|||&#8221; animation_style=&#8221;fade&#8221; animation=&#8221;off&#8221;][\/et_pb_blurb][\/et_pb_column][et_pb_column type=&#8221;1_2&#8243; _builder_version=&#8221;3.25&#8243; custom_padding=&#8221;|||&#8221; custom_padding__hover=&#8221;|||&#8221;][et_pb_image src=&#8221;https:\/\/fisiolistic.com\/wp-content\/uploads\/2021\/07\/equipo-scaled.jpeg&#8221; title_text=&#8221;equipo&#8221; align_tablet=&#8221;center&#8221; align_phone=&#8221;&#8221; align_last_edited=&#8221;on|desktop&#8221; _builder_version=&#8221;4.9.0&#8243; animation_style=&#8221;fade&#8221; border_radii=&#8221;on|15px|15px|15px|15px&#8221;][\/et_pb_image][\/et_pb_column][\/et_pb_row][et_pb_row column_structure=&#8221;1_2,1_2&#8243; _builder_version=&#8221;4.9.0&#8243; custom_margin=&#8221;2vw||||false|false&#8221; custom_padding=&#8221;|2vw||2vw|false|true&#8221; border_radii=&#8221;on|20px|20px|20px|20px&#8221; border_width_all=&#8221;2px&#8221; border_color_all=&#8221;#00676d&#8221; border_radii_tablet=&#8221;&#8221; border_radii_phone=&#8221;&#8221; border_radii_last_edited=&#8221;on|phone&#8221; border_width_all_tablet=&#8221;&#8221; border_width_all_phone=&#8221;0px&#8221; border_width_all_last_edited=&#8221;on|phone&#8221; border_color_all_tablet=&#8221;&#8221; border_color_all_phone=&#8221;RGBA(0,0,0,0)&#8221; border_color_all_last_edited=&#8221;on|phone&#8221; locked=&#8221;off&#8221;][et_pb_column type=&#8221;1_2&#8243; _builder_version=&#8221;3.25&#8243; custom_padding=&#8221;|||&#8221; custom_padding__hover=&#8221;|||&#8221;][et_pb_text _builder_version=&#8221;4.9.0&#8243; text_font=&#8221;||||||||&#8221; header_font=&#8221;||||||||&#8221; header_2_font=&#8221;Poppins|500||on|||||&#8221; header_2_text_color=&#8221;#008479&#8243; header_2_font_size=&#8221;16px&#8221; header_2_letter_spacing=&#8221;1px&#8221; header_2_line_height=&#8221;1.3em&#8221; custom_margin=&#8221;||20px|&#8221; saved_tabs=&#8221;all&#8221; locked=&#8221;off&#8221;]<\/p>\n<h2>Curr\u00edculum de&nbsp;<span>Anna M\u00aa Bagu\u00e9 Cruz&nbsp;<\/span><\/h2>\n<p>[\/et_pb_text][et_pb_text _builder_version=&#8221;4.9.0&#8243; text_font=&#8221;Open Sans||||||||&#8221; text_text_color=&#8221;#486066&#8243; text_font_size=&#8221;15px&#8221; text_line_height=&#8221;1.8em&#8221; header_font=&#8221;||||||||&#8221; hover_enabled=&#8221;0&#8243; sticky_enabled=&#8221;0&#8243;]<\/p>\n<p>&nbsp;<\/p>\n<ul>\n<li>M\u00e0ster en fisioter\u00e0pia pedi\u00e1trica<\/li>\n<li>M\u00e0ster en PsicoNeuroEndocrinoImmunolog\u00eda.<\/li>\n<li>M\u00e0ster d\u2019Evid\u00e8ncia Cient\u00edfica en Fisioter\u00e0pia.<\/li>\n<li>Grau en Fisioter\u00e0pia.<\/li>\n<li>Diplomatura en Fisioter\u00e0pia.<\/li>\n<li>Postgrau en Fisioter\u00e0pia de l\u2019T\u00f2rax.<\/li>\n<li>Postgrau en Ter\u00e0pia C\u00e8rvico-Cef\u00e0lica.<\/li>\n<li>Postgrau en Cadenes Musculars de L. Busquets.<\/li>\n<li>Postgrau en Biomec\u00e0nica de l\u2019Peu.<\/li>\n<li>Postgrau en Fisioter\u00e0pia Anal\u00edtica segons Concepte Sohier.<\/li>\n<\/ul>\n<p>[\/et_pb_text][\/et_pb_column][et_pb_column type=&#8221;1_2&#8243; _builder_version=&#8221;3.25&#8243; custom_padding=&#8221;|||&#8221; custom_padding__hover=&#8221;|||&#8221;][et_pb_text _builder_version=&#8221;4.9.0&#8243; text_font=&#8221;Open Sans||||||||&#8221; text_text_color=&#8221;#486066&#8243; text_font_size=&#8221;15px&#8221; text_line_height=&#8221;1.8em&#8221; header_font=&#8221;||||||||&#8221; custom_margin=&#8221;50px||||false|false&#8221; custom_margin_tablet=&#8221;&#8221; custom_margin_phone=&#8221;0px||||false|false&#8221; custom_margin_last_edited=&#8221;on|phone&#8221; hover_enabled=&#8221;0&#8243; sticky_enabled=&#8221;0&#8243;]<\/p>\n<ul>\n<li>Postgrau en Srchoth per a Problemes de Columna.<\/li>\n<li>Especialitzaci\u00f3 en Neuromiost\u00e1tica Visceral<\/li>\n<li>Rehabilitaci\u00f3 Uroginecol\u00f2gica.<\/li>\n<li>Especialitzaci\u00f3 en Dolor Miofascial.<\/li>\n<li><strong>Treballs de recerca en:<\/strong><\/li>\n<li>Asma ocupacional i contaminants respiratoris .<\/li>\n<li>Rehabilitaci\u00f3 Vestibular.<\/li>\n<li>Rehabilitaci\u00f3 en Incontin\u00e8ncia Urin\u00e0ria.<\/li>\n<li>S\u00edndrome d\u2019Apnea-Hipoapnea Obstructiva d\u2019el Somni.<\/li>\n<\/ul>\n<p>[\/et_pb_text][\/et_pb_column][\/et_pb_row][et_pb_row column_structure=&#8221;1_2,1_2&#8243; _builder_version=&#8221;4.9.0&#8243; custom_margin=&#8221;2vw||||false|false&#8221; custom_padding=&#8221;|2vw||2vw|false|true&#8221; border_radii=&#8221;on|20px|20px|20px|20px&#8221; border_width_all=&#8221;2px&#8221; border_color_all=&#8221;#00676d&#8221; border_radii_tablet=&#8221;&#8221; border_radii_phone=&#8221;&#8221; border_radii_last_edited=&#8221;on|phone&#8221; border_width_all_tablet=&#8221;&#8221; border_width_all_phone=&#8221;0px&#8221; border_width_all_last_edited=&#8221;on|phone&#8221; border_color_all_tablet=&#8221;&#8221; border_color_all_phone=&#8221;RGBA(0,0,0,0)&#8221; border_color_all_last_edited=&#8221;on|phone&#8221; locked=&#8221;off&#8221;][et_pb_column type=&#8221;1_2&#8243; _builder_version=&#8221;3.25&#8243; custom_padding=&#8221;|||&#8221; custom_padding__hover=&#8221;|||&#8221;][et_pb_text _builder_version=&#8221;4.9.0&#8243; text_font=&#8221;||||||||&#8221; header_font=&#8221;||||||||&#8221; header_2_font=&#8221;Poppins|500||on|||||&#8221; header_2_text_color=&#8221;#008479&#8243; header_2_font_size=&#8221;16px&#8221; header_2_letter_spacing=&#8221;1px&#8221; header_2_line_height=&#8221;1.3em&#8221; custom_margin=&#8221;||20px|&#8221; saved_tabs=&#8221;all&#8221; locked=&#8221;off&#8221;]<\/p>\n<h2>Curr\u00edculum de<span>&nbsp;Roberto Viteri<\/span><\/h2>\n<p>[\/et_pb_text][et_pb_text _builder_version=&#8221;4.9.0&#8243; text_font=&#8221;Open Sans||||||||&#8221; text_text_color=&#8221;#486066&#8243; text_font_size=&#8221;15px&#8221; text_line_height=&#8221;1.8em&#8221; header_font=&#8221;||||||||&#8221;]<\/p>\n<ul>\n<li>CODEBI &#8211; Arim\u00f3n. a Barcelona<\/li>\n<li>Cl\u00ednica Diagonal &#8211; Sagrada Fam\u00edlia. a Barcelona<\/li>\n<li>Hospital Benito Menni. A Sant Boi de Llobregat, Barcelona<\/li>\n<li>M\u00fatua Atl\u00e0ntida. a Barcelona<\/li>\n<li>Hospital Vall d&#8217;Hebron. a Barcelona<\/li>\n<li>Egarsat. A Sant Cugat de Vall\u00e8s, Barcelona<\/li>\n<li>SD. D&#8217;DOLOR MIOFASCIAL<\/li>\n<li>Punci\u00f3 SECA.60 h.<\/li>\n<li>Patologia muscular i readaptaci\u00f3 integrada (Return to play).\u00a0<\/li>\n<\/ul>\n<p>[\/et_pb_text][\/et_pb_column][et_pb_column type=&#8221;1_2&#8243; _builder_version=&#8221;3.25&#8243; custom_padding=&#8221;|||&#8221; custom_padding__hover=&#8221;|||&#8221;][et_pb_text _builder_version=&#8221;4.9.0&#8243; text_font=&#8221;Open Sans||||||||&#8221; text_text_color=&#8221;#486066&#8243; text_font_size=&#8221;15px&#8221; text_line_height=&#8221;1.8em&#8221; header_font=&#8221;||||||||&#8221; custom_margin=&#8221;50px||||false|false&#8221; custom_margin_tablet=&#8221;&#8221; custom_margin_phone=&#8221;0px||||false|false&#8221; custom_margin_last_edited=&#8221;on|phone&#8221; hover_enabled=&#8221;0&#8243; sticky_enabled=&#8221;0&#8243;]<\/p>\n<ul>\n<li>Fisioterapeuta en Club de Futbol Americ\u00e0 Badalona Dracs.<\/li>\n<li>Fisioterapeuta en la Selecci\u00f3 Espanyola de Futbol Americ\u00e0.<\/li>\n<li>Fisioterapeuta a la Selecci\u00f3 Catalana de Futbol Americ\u00e0.<\/li>\n<li>Fisioterapeuta en FisioSalut Can Rull, a Sabadell, Barcelona.<\/li>\n<li>Fisioterapeuta en C.D. Trinitat.<\/li>\n<li>Fisioterapeuta a Hospital Benito Menni, Sant Boi de Llobregat.<\/li>\n<li>Fisioterapeuta en Bes\u00f2s Bar\u00f3 de Viver CF.<\/li>\n<li>Fisioterapeuta en Resid\u00e8ncia de la tercera edat Anoia, Martorell.<\/li>\n<\/ul>\n<p>[\/et_pb_text][\/et_pb_column][\/et_pb_row][et_pb_row _builder_version=&#8221;4.9.0&#8243; custom_padding=&#8221;75px||0px||false|false&#8221; locked=&#8221;off&#8221;][et_pb_column type=&#8221;4_4&#8243; _builder_version=&#8221;3.25&#8243; custom_padding=&#8221;|||&#8221; custom_padding__hover=&#8221;|||&#8221;][et_pb_text _builder_version=&#8221;4.9.0&#8243; text_font=&#8221;||||||||&#8221; header_font=&#8221;||||||||&#8221; header_text_align=&#8221;center&#8221; header_3_font=&#8221;Poppins|600|||||||&#8221; header_3_text_color=&#8221;#008479&#8243; header_3_font_size=&#8221;36px&#8221; header_3_line_height=&#8221;1.4em&#8221; text_orientation=&#8221;center&#8221; background_layout=&#8221;dark&#8221;]<\/p>\n<h3>Els nostres Serveis<\/h3>\n<p>[\/et_pb_text][\/et_pb_column][\/et_pb_row][et_pb_row column_structure=&#8221;1_3,1_3,1_3&#8243; use_custom_gutter=&#8221;on&#8221; gutter_width=&#8221;2&#8243; make_equal=&#8221;on&#8221; column_padding_mobile=&#8221;on&#8221; custom_padding_last_edited=&#8221;on|phone&#8221; _builder_version=&#8221;4.9.0&#8243; background_size=&#8221;initial&#8221; background_position=&#8221;top_left&#8221; background_repeat=&#8221;repeat&#8221; custom_padding=&#8221;50px|||||&#8221; custom_padding_tablet=&#8221;49px|||&#8221; custom_padding_phone=&#8221;19px|||&#8221;][et_pb_column type=&#8221;1_3&#8243; _builder_version=&#8221;4.9.0&#8243; custom_padding=&#8221;|||&#8221; custom_padding__hover=&#8221;|||&#8221;][et_pb_blurb title=&#8221;Dolors i Lesions&#8221; image=&#8221;https:\/\/fisiolistic.com\/wp-content\/uploads\/2021\/07\/dolores-y-lesiones.png&#8221; admin_label=&#8221;Class&#8221; _builder_version=&#8221;4.9.0&#8243; header_font=&#8221;Poppins|600|||||||&#8221; header_text_align=&#8221;center&#8221; header_text_color=&#8221;#018379&#8243; header_font_size=&#8221;18px&#8221; header_line_height=&#8221;1.3em&#8221; body_font=&#8221;Open Sans||||||||&#8221; body_text_align=&#8221;center&#8221; body_text_color=&#8221;#486066&#8243; body_line_height=&#8221;1.8em&#8221; background_color=&#8221;#ffffff&#8221; custom_margin=&#8221;||||false|false&#8221; custom_padding=&#8221;40px|30px|20px|30px|false|false&#8221; animation_style=&#8221;fade&#8221; animation=&#8221;off&#8221; border_radii=&#8221;on|6px|6px|6px|6px&#8221; box_shadow_style=&#8221;preset1&#8243; box_shadow_vertical=&#8221;10px&#8221; box_shadow_blur=&#8221;24px&#8221; box_shadow_spread=&#8221;6px&#8221; box_shadow_color=&#8221;rgba(0,0,0,0.06)&#8221;]<\/p>\n<p>&nbsp;<\/p>\n<ul>\n<li style=\"text-align: left;\">Lesions cr\u00f2niques i agudes<\/li>\n<li style=\"text-align: left;\">Pre-post intervencions quir\u00fargiques<\/li>\n<li style=\"text-align: left;\">Dolors de la Articulaci\u00f3<\/li>\n<li style=\"text-align: left;\">Temporomandibular<\/li>\n<li style=\"text-align: left;\">Embarassades, esportistes &#8230;<\/li>\n<\/ul>\n<p>[\/et_pb_blurb][\/et_pb_column][et_pb_column type=&#8221;1_3&#8243; _builder_version=&#8221;3.25&#8243; custom_padding=&#8221;|||&#8221; custom_padding__hover=&#8221;|||&#8221;][et_pb_blurb title=&#8221;Fisioter\u00e0pia Neurol\u00f2gica&#8221; image=&#8221;https:\/\/fisiolistic.com\/wp-content\/uploads\/2021\/07\/neurolo\u0301gico.png&#8221; admin_label=&#8221;Class&#8221; _builder_version=&#8221;4.9.0&#8243; header_font=&#8221;Poppins|600|||||||&#8221; header_text_align=&#8221;center&#8221; header_text_color=&#8221;#018379&#8243; header_font_size=&#8221;18px&#8221; header_line_height=&#8221;1.3em&#8221; body_font=&#8221;Open Sans||||||||&#8221; body_text_align=&#8221;center&#8221; body_text_color=&#8221;#486066&#8243; body_line_height=&#8221;1.8em&#8221; background_color=&#8221;#ffffff&#8221; custom_margin=&#8221;||||false|false&#8221; custom_padding=&#8221;40px|30px|20px|30px|false|false&#8221; animation_style=&#8221;fade&#8221; animation=&#8221;off&#8221; border_radii=&#8221;on|6px|6px|6px|6px&#8221; box_shadow_style=&#8221;preset1&#8243; box_shadow_vertical=&#8221;10px&#8221; box_shadow_blur=&#8221;24px&#8221; box_shadow_spread=&#8221;6px&#8221; box_shadow_color=&#8221;rgba(0,0,0,0.06)&#8221; locked=&#8221;off&#8221;]<\/p>\n<p>&nbsp;<\/p>\n<ul>\n<li style=\"text-align: left;\">Inhibici\u00f3 de la musculatura esp\u00e0stica<\/li>\n<li style=\"text-align: left;\">Control de l&#8217;tronc<\/li>\n<li style=\"text-align: left;\">Ter\u00e0pia cognitiva<\/li>\n<li style=\"text-align: left;\">Millora de la marxa<\/li>\n<li style=\"text-align: left;\">Ter\u00e0pia manual<\/li>\n<\/ul>\n<p>[\/et_pb_blurb][\/et_pb_column][et_pb_column type=&#8221;1_3&#8243; _builder_version=&#8221;3.25&#8243; custom_padding=&#8221;|||&#8221; custom_padding__hover=&#8221;|||&#8221;][et_pb_blurb title=&#8221;Fisioter\u00e0pia Respirat\u00f2ria&#8221; image=&#8221;https:\/\/fisiolistic.com\/wp-content\/uploads\/2021\/08\/respiracio\u0301n.png&#8221; admin_label=&#8221;Class&#8221; _builder_version=&#8221;4.9.0&#8243; header_font=&#8221;Poppins|600|||||||&#8221; header_text_align=&#8221;center&#8221; header_text_color=&#8221;#018379&#8243; header_font_size=&#8221;18px&#8221; header_line_height=&#8221;1.3em&#8221; body_font=&#8221;Open Sans||||||||&#8221; body_text_align=&#8221;center&#8221; body_text_color=&#8221;#486066&#8243; body_line_height=&#8221;1.8em&#8221; background_color=&#8221;#ffffff&#8221; custom_margin=&#8221;||||false|false&#8221; custom_padding=&#8221;40px|30px|20px|30px|false|false&#8221; animation_style=&#8221;fade&#8221; animation=&#8221;off&#8221; border_radii=&#8221;on|6px|6px|6px|6px&#8221; box_shadow_style=&#8221;preset1&#8243; box_shadow_vertical=&#8221;10px&#8221; box_shadow_blur=&#8221;24px&#8221; box_shadow_spread=&#8221;6px&#8221; box_shadow_color=&#8221;rgba(0,0,0,0.06)&#8221; locked=&#8221;off&#8221;]<\/p>\n<p>&nbsp;<\/p>\n<ul>\n<li style=\"text-align: left;\">Normalitzar els volums pulmonars i gasos sanguinis<\/li>\n<li style=\"text-align: left;\">T\u00e8cniques per mobilitzar la mucositat<\/li>\n<li style=\"text-align: left;\">Ter\u00e0pia miofascial dels m\u00fasculs responsables de la respiraci\u00f3<\/li>\n<\/ul>\n<p>[\/et_pb_blurb][\/et_pb_column][\/et_pb_row][et_pb_row column_structure=&#8221;1_3,1_3,1_3&#8243; use_custom_gutter=&#8221;on&#8221; gutter_width=&#8221;2&#8243; make_equal=&#8221;on&#8221; column_padding_mobile=&#8221;on&#8221; custom_padding_last_edited=&#8221;on|phone&#8221; _builder_version=&#8221;4.9.0&#8243; background_size=&#8221;initial&#8221; background_position=&#8221;top_left&#8221; background_repeat=&#8221;repeat&#8221; custom_padding=&#8221;7px|||||&#8221; custom_padding_tablet=&#8221;49px|||&#8221; custom_padding_phone=&#8221;19px|||&#8221;][et_pb_column type=&#8221;1_3&#8243; _builder_version=&#8221;4.9.0&#8243; custom_padding=&#8221;|||&#8221; custom_padding__hover=&#8221;|||&#8221;][et_pb_blurb title=&#8221;Fisioter\u00e0pia Pedi\u00e0trica&#8221; image=&#8221;https:\/\/fisiolistic.com\/wp-content\/uploads\/2021\/07\/bebe\u0301s.png&#8221; admin_label=&#8221;Class&#8221; _builder_version=&#8221;4.9.0&#8243; header_font=&#8221;Poppins|600|||||||&#8221; header_text_align=&#8221;center&#8221; header_text_color=&#8221;#018379&#8243; header_font_size=&#8221;18px&#8221; header_line_height=&#8221;1.3em&#8221; body_font=&#8221;Open Sans||||||||&#8221; body_text_align=&#8221;center&#8221; body_text_color=&#8221;#486066&#8243; body_line_height=&#8221;1.8em&#8221; background_color=&#8221;#ffffff&#8221; custom_margin=&#8221;||||false|false&#8221; custom_padding=&#8221;40px|30px|20px|30px|false|false&#8221; animation_style=&#8221;fade&#8221; animation=&#8221;off&#8221; border_radii=&#8221;on|6px|6px|6px|6px&#8221; box_shadow_style=&#8221;preset1&#8243; box_shadow_vertical=&#8221;10px&#8221; box_shadow_blur=&#8221;24px&#8221; box_shadow_spread=&#8221;6px&#8221; box_shadow_color=&#8221;rgba(0,0,0,0.06)&#8221;]<\/p>\n<p>&nbsp;<\/p>\n<ul>\n<li style=\"text-align: left;\">Plagiocef\u00e0lia<\/li>\n<li style=\"text-align: left;\">Torticolis<\/li>\n<li style=\"text-align: left;\">Escur\u00e7aments musculars<\/li>\n<li style=\"text-align: left;\">Retards psicomotor<\/li>\n<li style=\"text-align: left;\">Alteracions de la postura<br \/>problemes respiratoris i neurol\u00f2gics<\/li>\n<\/ul>\n<p>[\/et_pb_blurb][\/et_pb_column][et_pb_column type=&#8221;1_3&#8243; _builder_version=&#8221;3.25&#8243; custom_padding=&#8221;|||&#8221; custom_padding__hover=&#8221;|||&#8221;][et_pb_blurb title=&#8221;Fisioterapia del Suelo P\u00e9lvico&#8221; image=&#8221;https:\/\/fisiolistic.com\/wp-content\/uploads\/2021\/08\/suelo-pe\u0301lvico.png&#8221; admin_label=&#8221;Class&#8221; _builder_version=&#8221;4.9.0&#8243; header_font=&#8221;Poppins|600|||||||&#8221; header_text_align=&#8221;center&#8221; header_text_color=&#8221;#018379&#8243; header_font_size=&#8221;18px&#8221; header_line_height=&#8221;1.3em&#8221; body_font=&#8221;Open Sans||||||||&#8221; body_text_align=&#8221;center&#8221; body_text_color=&#8221;#486066&#8243; body_line_height=&#8221;1.8em&#8221; background_color=&#8221;#ffffff&#8221; custom_margin=&#8221;||||false|false&#8221; custom_padding=&#8221;40px|30px|20px|30px|false|false&#8221; animation_style=&#8221;fade&#8221; animation=&#8221;off&#8221; border_radii=&#8221;on|6px|6px|6px|6px&#8221; box_shadow_style=&#8221;preset1&#8243; box_shadow_vertical=&#8221;10px&#8221; box_shadow_blur=&#8221;24px&#8221; box_shadow_spread=&#8221;6px&#8221; box_shadow_color=&#8221;rgba(0,0,0,0.06)&#8221; locked=&#8221;off&#8221;]<\/p>\n<p>&nbsp;<\/p>\n<ul>\n<li style=\"text-align: left;\">La incontin\u00e8ncia urin\u00e0ria i fecal<\/li>\n<li style=\"text-align: left;\">Fissures en el perineu<\/li>\n<li style=\"text-align: left;\">Prolapse d&#8217;\u00f2rgans<\/li>\n<li style=\"text-align: left;\">disfuncions sexuals<\/li>\n<li style=\"text-align: left;\">Postoperatori de prostatectomia o<br \/>adenotectom\u00eda.<\/li>\n<\/ul>\n<p>[\/et_pb_blurb][\/et_pb_column][et_pb_column type=&#8221;1_3&#8243; _builder_version=&#8221;3.25&#8243; custom_padding=&#8221;|||&#8221; custom_padding__hover=&#8221;|||&#8221;][et_pb_blurb title=&#8221;Rehabilitaci\u00f3 vestibular i problemes posturals&#8221; image=&#8221;https:\/\/fisiolistic.com\/wp-content\/uploads\/2021\/08\/RHB.png&#8221; admin_label=&#8221;Class&#8221; _builder_version=&#8221;4.9.0&#8243; header_font=&#8221;Poppins|600|||||||&#8221; header_text_align=&#8221;center&#8221; header_text_color=&#8221;#018379&#8243; header_font_size=&#8221;18px&#8221; header_line_height=&#8221;1.3em&#8221; body_font=&#8221;Open Sans||||||||&#8221; body_text_align=&#8221;center&#8221; body_text_color=&#8221;#486066&#8243; body_line_height=&#8221;1.8em&#8221; background_color=&#8221;#ffffff&#8221; custom_margin=&#8221;||||false|false&#8221; custom_padding=&#8221;40px|30px|37px|30px|false|false&#8221; animation_style=&#8221;fade&#8221; animation=&#8221;off&#8221; border_radii=&#8221;on|6px|6px|6px|6px&#8221; box_shadow_style=&#8221;preset1&#8243; box_shadow_vertical=&#8221;10px&#8221; box_shadow_blur=&#8221;24px&#8221; box_shadow_spread=&#8221;6px&#8221; box_shadow_color=&#8221;rgba(0,0,0,0.06)&#8221; locked=&#8221;off&#8221;]<\/p>\n<p>&nbsp;<\/p>\n<p>Tractament fisioterap\u00e8utic d&#8217;exercicis vest\u00edbul-oculars i posturals, juntament amb altres professionals com l&#8217;optometrista i el pod\u00f2leg, pot ajudar a multitud de problemes.<\/p>\n<p>[\/et_pb_blurb][\/et_pb_column][\/et_pb_row][et_pb_row column_structure=&#8221;1_3,1_3,1_3&#8243; use_custom_gutter=&#8221;on&#8221; gutter_width=&#8221;2&#8243; make_equal=&#8221;on&#8221; column_padding_mobile=&#8221;on&#8221; custom_padding_last_edited=&#8221;on|phone&#8221; _builder_version=&#8221;4.9.0&#8243; background_size=&#8221;initial&#8221; background_position=&#8221;top_left&#8221; background_repeat=&#8221;repeat&#8221; custom_padding=&#8221;7px|||||&#8221; custom_padding_tablet=&#8221;49px|||&#8221; custom_padding_phone=&#8221;19px|||&#8221;][et_pb_column type=&#8221;1_3&#8243; _builder_version=&#8221;4.9.0&#8243; custom_padding=&#8221;|||&#8221; custom_padding__hover=&#8221;|||&#8221;][et_pb_blurb title=&#8221;Fisioest\u00e8tica&#8221; image=&#8221;https:\/\/fisiolistic.com\/wp-content\/uploads\/2021\/08\/este\u0301tica-barcelona.png&#8221; admin_label=&#8221;Class&#8221; _builder_version=&#8221;4.9.0&#8243; header_font=&#8221;Poppins|600|||||||&#8221; header_text_align=&#8221;center&#8221; header_text_color=&#8221;#018379&#8243; header_font_size=&#8221;18px&#8221; header_line_height=&#8221;1.3em&#8221; body_font=&#8221;Open Sans||||||||&#8221; body_text_align=&#8221;center&#8221; body_text_color=&#8221;#486066&#8243; body_line_height=&#8221;1.8em&#8221; background_color=&#8221;#ffffff&#8221; custom_margin=&#8221;||||false|false&#8221; custom_padding=&#8221;40px|30px|20px|30px|false|false&#8221; animation_style=&#8221;fade&#8221; animation=&#8221;off&#8221; border_radii=&#8221;on|6px|6px|6px|6px&#8221; box_shadow_style=&#8221;preset1&#8243; box_shadow_vertical=&#8221;10px&#8221; box_shadow_blur=&#8221;24px&#8221; box_shadow_spread=&#8221;6px&#8221; box_shadow_color=&#8221;rgba(0,0,0,0.06)&#8221; locked=&#8221;off&#8221;]<\/p>\n<p>&nbsp;<\/p>\n<ul>\n<li style=\"text-align: left;\">Drenatge limf\u00e0tic<\/li>\n<li style=\"text-align: left;\">Cel\u00b7lulitis<\/li>\n<li style=\"text-align: left;\">Encapsulament pr\u00f2tesis mam\u00e0ries<\/li>\n<li style=\"text-align: left;\">Recuperaci\u00f3 despr\u00e9s liposucci\u00f3<br \/> Cicatrius<\/li>\n<li style=\"text-align: left;\">Tractament de les arrugues facials amb INDIBA<\/li>\n<\/ul>\n<p>[\/et_pb_blurb][\/et_pb_column][et_pb_column type=&#8221;1_3&#8243; _builder_version=&#8221;3.25&#8243; custom_padding=&#8221;|||&#8221; custom_padding__hover=&#8221;|||&#8221;][\/et_pb_column][et_pb_column type=&#8221;1_3&#8243; _builder_version=&#8221;3.25&#8243; custom_padding=&#8221;|||&#8221; custom_padding__hover=&#8221;|||&#8221;][\/et_pb_column][\/et_pb_row][\/et_pb_section][et_pb_section fb_built=&#8221;1&#8243; admin_label=&#8221;Join Now Call to Action&#8221; _builder_version=&#8221;4.9.0&#8243; background_enable_color=&#8221;off&#8221; use_background_color_gradient=&#8221;on&#8221; background_color_gradient_start=&#8221;#018379&#8243; background_color_gradient_end=&#8221;#018379&#8243; background_color_gradient_direction=&#8221;72deg&#8221; background_color_gradient_end_position=&#8221;62%&#8221; background_image=&#8221;https:\/\/fisiolistic.com\/wp-content\/uploads\/2021\/07\/the-doctor-massages-the-man-in-the-hospital.jpg&#8221; background_blend=&#8221;multiply&#8221; custom_margin=&#8221;|||&#8221; custom_padding=&#8221;90px|0px|100px|0px||&#8221;][et_pb_row use_custom_gutter=&#8221;on&#8221; gutter_width=&#8221;2&#8243; make_equal=&#8221;on&#8221; column_padding_mobile=&#8221;on&#8221; custom_padding_last_edited=&#8221;off|desktop&#8221; admin_label=&#8221;Testimonials&#8221; _builder_version=&#8221;4.9.0&#8243; background_size=&#8221;initial&#8221; background_position=&#8221;top_left&#8221; background_repeat=&#8221;repeat&#8221; custom_margin=&#8221;||||false|false&#8221; custom_padding=&#8221;||0px||false|false&#8221; custom_padding_tablet=&#8221;49px|||&#8221; custom_padding_phone=&#8221;19px|||&#8221;][et_pb_column type=&#8221;4_4&#8243; _builder_version=&#8221;4.9.0&#8243; custom_padding=&#8221;|||&#8221; custom_padding__hover=&#8221;|||&#8221;][et_pb_blurb content_max_width=&#8221;100%&#8221; admin_label=&#8221;Class&#8221; _builder_version=&#8221;4.9.0&#8243; header_font=&#8221;Poppins|600|||||||&#8221; header_text_align=&#8221;center&#8221; header_text_color=&#8221;#018379&#8243; header_font_size=&#8221;18px&#8221; header_line_height=&#8221;1.3em&#8221; body_font=&#8221;Open Sans||||||||&#8221; body_text_align=&#8221;center&#8221; body_text_color=&#8221;#486066&#8243; body_line_height=&#8221;1.8em&#8221; background_color=&#8221;#008479&#8243; custom_margin=&#8221;||||false|false&#8221; custom_padding=&#8221;40px||19px||false|false&#8221; animation_style=&#8221;fade&#8221; animation=&#8221;off&#8221; border_radii=&#8221;on|6px|6px|6px|6px&#8221; locked=&#8221;off&#8221;]<\/p>\n<h3><span style=\"color: #ffffff;\"><strong>Centre acreditat per<\/strong><\/span><\/h3>\n<p>[\/et_pb_blurb][\/et_pb_column][\/et_pb_row][et_pb_row column_structure=&#8221;1_5,1_5,1_5,1_5,1_5&#8243; use_custom_gutter=&#8221;on&#8221; gutter_width=&#8221;2&#8243; make_equal=&#8221;on&#8221; column_padding_mobile=&#8221;on&#8221; admin_label=&#8221;Testimonials&#8221; _builder_version=&#8221;4.9.0&#8243; background_color=&#8221;#008479&#8243; background_size=&#8221;initial&#8221; background_position=&#8221;top_left&#8221; background_repeat=&#8221;repeat&#8221; custom_margin=&#8221;||||false|false&#8221; custom_padding=&#8221;30px|30px|30px|30px|true|true&#8221;][et_pb_column type=&#8221;1_5&#8243; _builder_version=&#8221;4.9.0&#8243; custom_padding=&#8221;|||&#8221; custom_padding__hover=&#8221;|||&#8221;][et_pb_image src=&#8221;https:\/\/fisiolistic.com\/wp-content\/uploads\/2021\/08\/generalitat-de-catalunya.png&#8221; title_text=&#8221;generalitat de catalunya&#8221; _builder_version=&#8221;4.9.0&#8243; _module_preset=&#8221;default&#8221;][\/et_pb_image][\/et_pb_column][et_pb_column type=&#8221;1_5&#8243; _builder_version=&#8221;4.9.0&#8243; custom_padding=&#8221;|||&#8221; custom_padding__hover=&#8221;|||&#8221;][et_pb_image src=&#8221;https:\/\/fisiolistic.com\/wp-content\/uploads\/2021\/08\/cpc.png&#8221; title_text=&#8221;cpc&#8221; _builder_version=&#8221;4.9.0&#8243; _module_preset=&#8221;default&#8221;][\/et_pb_image][\/et_pb_column][et_pb_column type=&#8221;1_5&#8243; _builder_version=&#8221;4.9.0&#8243; custom_padding=&#8221;|||&#8221; custom_padding__hover=&#8221;|||&#8221;][et_pb_image src=&#8221;https:\/\/fisiolistic.com\/wp-content\/uploads\/2021\/08\/euses.png&#8221; title_text=&#8221;euses&#8221; _builder_version=&#8221;4.9.0&#8243; _module_preset=&#8221;default&#8221;][\/et_pb_image][\/et_pb_column][et_pb_column type=&#8221;1_5&#8243; _builder_version=&#8221;4.9.0&#8243; custom_padding=&#8221;|||&#8221; custom_padding__hover=&#8221;|||&#8221;][et_pb_image src=&#8221;https:\/\/fisiolistic.com\/wp-content\/uploads\/2021\/08\/blanquerna.png&#8221; title_text=&#8221;blanquerna&#8221; _builder_version=&#8221;4.9.0&#8243; _module_preset=&#8221;default&#8221;][\/et_pb_image][\/et_pb_column][et_pb_column type=&#8221;1_5&#8243; _builder_version=&#8221;4.9.0&#8243; custom_padding=&#8221;|||&#8221; custom_padding__hover=&#8221;|||&#8221;][et_pb_image src=&#8221;https:\/\/fisiolistic.com\/wp-content\/uploads\/2021\/08\/uic.png&#8221; title_text=&#8221;uic&#8221; _builder_version=&#8221;4.9.0&#8243; _module_preset=&#8221;default&#8221;][\/et_pb_image][\/et_pb_column][\/et_pb_row][et_pb_row use_custom_gutter=&#8221;on&#8221; gutter_width=&#8221;2&#8243; make_equal=&#8221;on&#8221; column_padding_mobile=&#8221;on&#8221; custom_padding_last_edited=&#8221;off|desktop&#8221; admin_label=&#8221;Testimonials&#8221; _builder_version=&#8221;4.9.0&#8243; background_size=&#8221;initial&#8221; background_position=&#8221;top_left&#8221; background_repeat=&#8221;repeat&#8221; custom_margin=&#8221;||70px||false|false&#8221; custom_padding=&#8221;0px||0px|||&#8221; custom_padding_tablet=&#8221;49px|||&#8221; custom_padding_phone=&#8221;19px|||&#8221;][et_pb_column type=&#8221;4_4&#8243; _builder_version=&#8221;4.9.0&#8243; custom_padding=&#8221;|||&#8221; custom_padding__hover=&#8221;|||&#8221;][et_pb_blurb content_max_width=&#8221;100%&#8221; admin_label=&#8221;Class&#8221; _builder_version=&#8221;4.9.0&#8243; header_font=&#8221;Poppins|600|||||||&#8221; header_text_align=&#8221;center&#8221; header_text_color=&#8221;#018379&#8243; header_font_size=&#8221;18px&#8221; header_line_height=&#8221;1.3em&#8221; body_font=&#8221;Open Sans||||||||&#8221; body_text_align=&#8221;center&#8221; body_text_color=&#8221;#486066&#8243; body_line_height=&#8221;1.8em&#8221; background_color=&#8221;#008479&#8243; custom_margin=&#8221;||||false|false&#8221; custom_padding=&#8221;22px|30px|40px|30px|false|true&#8221; animation_style=&#8221;fade&#8221; animation=&#8221;off&#8221; border_radii=&#8221;on|6px|6px|6px|6px&#8221; locked=&#8221;off&#8221;]<span style=\"color: #ffffff;\"><strong>Centre acreditat per la Generalitat de Catalunya i pel Col\u00b7legi de Fisioterapeutes de Catalunya.<br \/>\nCentre col\u00b7laborador amb les universitats de fisioter\u00e0pia EUSES, Blanquerna i Universitat Internacional de Catalunya. <\/strong><\/span>[\/et_pb_blurb][\/et_pb_column][\/et_pb_row][\/et_pb_section]<\/p>\n","protected":false},"excerpt":{"rendered":"<p>Sobre Nosaltres Fisiol\u00edstic compta amb un equip format per experts professionalsAMB UN TRACTE PERSONAL i amb amplis coneixements i experi\u00e8ncia.El nostre equipFisiol\u00edstic el compon:Curr\u00edculum de&nbsp;Anna M\u00aa Bagu\u00e9 Cruz&nbsp;&nbsp; M\u00e0ster en fisioter\u00e0pia pedi\u00e1trica M\u00e0ster en PsicoNeuroEndocrinoImmunolog\u00eda. M\u00e0ster d\u2019Evid\u00e8ncia Cient\u00edfica en Fisioter\u00e0pia. Grau en Fisioter\u00e0pia. Diplomatura en Fisioter\u00e0pia. Postgrau en Fisioter\u00e0pia de l\u2019T\u00f2rax. Postgrau en Ter\u00e0pia C\u00e8rvico-Cef\u00e0lica. [&hellip;]<\/p>\n","protected":false},"author":1,"featured_media":0,"parent":0,"menu_order":0,"comment_status":"closed","ping_status":"closed","template":"","meta":{"_et_pb_use_builder":"on","_et_pb_old_content":"[et_pb_section fb_built=\"1\" admin_label=\"Hero Section\" _builder_version=\"4.9.0\" background_enable_color=\"off\" use_background_color_gradient=\"on\" background_color_gradient_start=\"#018379\" background_color_gradient_end=\"#018379\" background_color_gradient_direction=\"72deg\" background_color_gradient_end_position=\"62%\" background_image=\"https:\/\/fisiolistic.com\/nueva\/wp-content\/uploads\/2021\/07\/the-doctor-massages-the-man-in-the-hospital.jpg\" background_blend=\"multiply\" custom_padding=\"60px|0px|60px|0px\"][et_pb_row _builder_version=\"3.25\" background_size=\"initial\" background_position=\"top_left\" background_repeat=\"repeat\"][et_pb_column type=\"4_4\" _builder_version=\"3.25\" custom_padding=\"|||\" custom_padding__hover=\"|||\"][et_pb_text content_tablet=\"\" content_phone=\"\n<h1>Sobre Nosotros<\/h1>\nFisiol\u00edstic cuenta con un equipo formado por expertos profesionales <strong>CON UN TRATO PERSONAL<\/strong> y con amplios conocimientos y experiencia.\" content_last_edited=\"on|desktop\" _builder_version=\"4.9.0\" text_font=\"Poppins||||||||\" text_text_color=\"rgba(255,255,255,0.8)\" text_font_size=\"18px\" text_line_height=\"1.8em\" header_font=\"Poppins|600|||||||\" header_text_color=\"#ffffff\" header_font_size=\"48px\" header_line_height=\"1.4em\" header_3_font=\"Poppins|600|||||||\" header_3_font_size=\"36px\" header_3_line_height=\"1.4em\" background_layout=\"dark\" max_width=\"700px\" module_alignment=\"left\" custom_margin=\"|||\" locked=\"off\"]\n<h1>Sobre Nosotros<\/h1>\nFisiol\u00edstic cuenta con un equipo formado por expertos profesionales <strong>\nCON UN TRATO PERSONAL<\/strong> y con amplios conocimientos y experiencia.[\/et_pb_text][\/et_pb_column][\/et_pb_row][\/et_pb_section][et_pb_section fb_built=\"1\" admin_label=\"About Us Section\" _builder_version=\"4.9.0\" use_background_color_gradient=\"on\" background_color_gradient_start=\"#ffffff\" background_color_gradient_end=\"#fafbfc\" custom_padding=\"110px|0px|110px|0px\"][et_pb_row column_structure=\"1_2,1_2\" _builder_version=\"3.25\" custom_padding=\"|||\" locked=\"off\"][et_pb_column type=\"1_2\" _builder_version=\"3.25\" custom_padding=\"|||\" custom_padding__hover=\"|||\"][et_pb_text _builder_version=\"4.9.0\" text_font=\"||||||||\" header_font=\"||||||||\" header_2_font=\"Poppins|500||on|||||\" header_2_text_color=\"rgba(0,0,0,0.2)\" header_2_font_size=\"16px\" header_2_letter_spacing=\"1px\" header_2_line_height=\"1.3em\" custom_margin=\"||20px|\" saved_tabs=\"all\" locked=\"off\"]\n<h2>Nuestro Equipo<\/h2>\n[\/et_pb_text][et_pb_text _builder_version=\"4.9.0\" text_font=\"||||||||\" header_font=\"||||||||\" header_3_font=\"Poppins|600|||||||\" header_3_text_color=\"#008479\" header_3_font_size=\"36px\" header_3_line_height=\"1.4em\"]\n<h3>Fisiol\u00edstic lo compone:<\/h3>\n[\/et_pb_text][et_pb_blurb title=\"Anna Mar\u00eda Bagu\u00e9 Cruz\" use_icon=\"on\" font_icon=\"%%202%%\" icon_color=\"#008479\" icon_placement=\"left\" use_icon_font_size=\"on\" icon_font_size=\"28px\" _builder_version=\"4.9.0\" header_font=\"Open Sans|600|||||||\" header_text_color=\"#486066\" header_font_size=\"15px\" header_line_height=\"1.8em\" custom_margin=\"||0px|\" custom_padding=\"|||\" animation_style=\"fade\" animation=\"off\"][\/et_pb_blurb][et_pb_blurb title=\"Roberto Viteri Rosero\" use_icon=\"on\" font_icon=\"%%202%%\" icon_color=\"#008479\" icon_placement=\"left\" use_icon_font_size=\"on\" icon_font_size=\"28px\" _builder_version=\"4.9.0\" header_font=\"Open Sans|600|||||||\" header_text_color=\"#486066\" header_font_size=\"15px\" header_line_height=\"1.8em\" custom_margin=\"||0px|\" custom_padding=\"|||\" animation_style=\"fade\" animation=\"off\"][\/et_pb_blurb][et_pb_blurb title=\"Alba Alarc\u00f3n Sanahuja\" use_icon=\"on\" font_icon=\"%%202%%\" icon_color=\"#008479\" icon_placement=\"left\" use_icon_font_size=\"on\" icon_font_size=\"28px\" _builder_version=\"4.9.0\" header_font=\"Open Sans|600|||||||\" header_text_color=\"#486066\" header_font_size=\"15px\" header_line_height=\"1.8em\" custom_margin=\"||0px|\" custom_padding=\"|||\" animation_style=\"fade\" animation=\"off\"][\/et_pb_blurb][et_pb_blurb title=\"Am\u00e0lia Giron\u00e8s Bel\" use_icon=\"on\" font_icon=\"%%202%%\" icon_color=\"#008479\" icon_placement=\"left\" use_icon_font_size=\"on\" icon_font_size=\"28px\" _builder_version=\"4.9.0\" header_font=\"Open Sans|600|||||||\" header_text_color=\"#486066\" header_font_size=\"15px\" header_line_height=\"1.8em\" custom_margin=\"||0px|\" custom_padding=\"|||\" animation_style=\"fade\" animation=\"off\"][\/et_pb_blurb][et_pb_blurb title=\"Palmira Mart\u00edn Benito\" use_icon=\"on\" font_icon=\"%%202%%\" icon_color=\"#008479\" icon_placement=\"left\" use_icon_font_size=\"on\" icon_font_size=\"28px\" _builder_version=\"4.9.0\" header_font=\"Open Sans|600|||||||\" header_text_color=\"#486066\" header_font_size=\"15px\" header_line_height=\"1.8em\" custom_margin=\"||0px|\" custom_padding=\"|||\" animation_style=\"fade\" animation=\"off\"][\/et_pb_blurb][\/et_pb_column][et_pb_column type=\"1_2\" _builder_version=\"3.25\" custom_padding=\"|||\" custom_padding__hover=\"|||\"][et_pb_image src=\"https:\/\/fisiolistic.com\/nueva\/wp-content\/uploads\/2021\/07\/equipo-scaled.jpeg\" title_text=\"equipo\" align_tablet=\"center\" align_phone=\"\" align_last_edited=\"on|desktop\" _builder_version=\"4.9.0\" animation_style=\"fade\" border_radii=\"on|15px|15px|15px|15px\"][\/et_pb_image][\/et_pb_column][\/et_pb_row][et_pb_row column_structure=\"1_2,1_2\" _builder_version=\"4.9.0\" custom_margin=\"2vw||||false|false\" custom_padding=\"|2vw||2vw|false|true\" border_radii=\"on|20px|20px|20px|20px\" border_width_all=\"2px\" border_color_all=\"#00676d\" border_radii_tablet=\"\" border_radii_phone=\"\" border_radii_last_edited=\"on|phone\" border_width_all_tablet=\"\" border_width_all_phone=\"0px\" border_width_all_last_edited=\"on|phone\" border_color_all_tablet=\"\" border_color_all_phone=\"RGBA(0,0,0,0)\" border_color_all_last_edited=\"on|phone\" locked=\"off\"][et_pb_column type=\"1_2\" _builder_version=\"3.25\" custom_padding=\"|||\" custom_padding__hover=\"|||\"][et_pb_text _builder_version=\"4.9.0\" text_font=\"||||||||\" header_font=\"||||||||\" header_2_font=\"Poppins|500||on|||||\" header_2_text_color=\"#008479\" header_2_font_size=\"16px\" header_2_letter_spacing=\"1px\" header_2_line_height=\"1.3em\" custom_margin=\"||20px|\" saved_tabs=\"all\" locked=\"off\"]\n<h2>Curr\u00edculum de&nbsp;<span>Anna M\u00aa Bagu\u00e9 Cruz&nbsp;<\/span><\/h2>\n[\/et_pb_text][et_pb_text _builder_version=\"4.9.0\" text_font=\"Open Sans||||||||\" text_text_color=\"#486066\" text_font_size=\"15px\" text_line_height=\"1.8em\" header_font=\"||||||||\"]\n<ul>\n \t<li>M\u00e1ster en PsicoNeuroEndocrinoImmunolog\u00eda.<\/li>\n \t<li>M\u00e1ster de Evidencia Cient\u00edfica en Fisioterapia.<\/li>\n \t<li>Grado en Fisioterapia.<\/li>\n \t<li>Diplomatura en Fisioterapia.<\/li>\n \t<li>Postgrado en Fisioterapia del T\u00f3rax.<\/li>\n \t<li>Postgrado en Terapia Cervico-Cef\u00e1lica.<\/li>\n \t<li>Postgrado en Cadenas Musculares de L. Busquets.<\/li>\n \t<li>Postgrado en Biomec\u00e1nica del Pie.<\/li>\n \t<li>Postgrado en Fisioterapia Anal\u00edtica seg\u00fan Concepto Sohier.<\/li>\n \t<li>Postgrado en Srchoth para Problemas de Columna.<\/li>\n<\/ul>\n[\/et_pb_text][\/et_pb_column][et_pb_column type=\"1_2\" _builder_version=\"3.25\" custom_padding=\"|||\" custom_padding__hover=\"|||\"][et_pb_text _builder_version=\"4.9.0\" text_font=\"Open Sans||||||||\" text_text_color=\"#486066\" text_font_size=\"15px\" text_line_height=\"1.8em\" header_font=\"||||||||\" custom_margin=\"50px||||false|false\" custom_margin_tablet=\"\" custom_margin_phone=\"0px||||false|false\" custom_margin_last_edited=\"on|phone\"]\n<ul>\n \t<li>Especializaci\u00f3n en NeuroMiost\u00e1tica Visceral<\/li>\n \t<li>Rehabilitaci\u00f3n Uroginecol\u00f3gica.<\/li>\n \t<li>Especializaci\u00f3n en Dolor Miofascial.<\/li>\n \t<li><strong>Trabajos de investigaci\u00f3n en:<\/strong><\/li>\n \t<li>Asma ocupacional y contaminantes respiratorios..<\/li>\n \t<li>Rehabilitaci\u00f3n Vestibular.<\/li>\n \t<li>Rehabilitaci\u00f3n en Incontinencia Urinaria.<\/li>\n \t<li>S\u00edndrome de Apnea-Hipoapnea Obstructiva del Sue\u00f1o.<\/li>\n \t<li><span>Master en fisioterapia pedi\u00e1trica<\/span><\/li>\n<\/ul>\n[\/et_pb_text][\/et_pb_column][\/et_pb_row][et_pb_row column_structure=\"1_2,1_2\" _builder_version=\"4.9.0\" custom_margin=\"2vw||||false|false\" custom_padding=\"|2vw||2vw|false|true\" border_radii=\"on|20px|20px|20px|20px\" border_width_all=\"2px\" border_color_all=\"#00676d\" border_radii_tablet=\"\" border_radii_phone=\"\" border_radii_last_edited=\"on|phone\" border_width_all_tablet=\"\" border_width_all_phone=\"0px\" border_width_all_last_edited=\"on|phone\" border_color_all_tablet=\"\" border_color_all_phone=\"RGBA(0,0,0,0)\" border_color_all_last_edited=\"on|phone\" locked=\"off\"][et_pb_column type=\"1_2\" _builder_version=\"3.25\" custom_padding=\"|||\" custom_padding__hover=\"|||\"][et_pb_text _builder_version=\"4.9.0\" text_font=\"||||||||\" header_font=\"||||||||\" header_2_font=\"Poppins|500||on|||||\" header_2_text_color=\"#008479\" header_2_font_size=\"16px\" header_2_letter_spacing=\"1px\" header_2_line_height=\"1.3em\" custom_margin=\"||20px|\" saved_tabs=\"all\" locked=\"off\"]\n<h2>Curr\u00edculum de<span>&nbsp;Roberto Viteri<\/span><\/h2>\n[\/et_pb_text][et_pb_text _builder_version=\"4.9.0\" text_font=\"Open Sans||||||||\" text_text_color=\"#486066\" text_font_size=\"15px\" text_line_height=\"1.8em\" header_font=\"||||||||\"]\n<ul>\n \t<li>CODEBI - Arim\u00f3n. En Barcelona<\/li>\n \t<li>Cl\u00ednica Diagonal - Sagrada Familia. En Barcelona<\/li>\n \t<li>Hospital Benito Menni. En Sant Boi de Llobregat, Barcelona<\/li>\n \t<li>M\u00fatua Atl\u00e1ntida. En Barcelona<\/li>\n \t<li>Hospital Vall d\u2019Hebron. En Barcelona<\/li>\n \t<li>Egarsat. En Sant Cugat del Vall\u00e8s, Barcelona<\/li>\n \t<li>SD. DE DOLOR MIOFASCIAL<\/li>\n \t<li>PUNCION SECA.60 h. Abril 2017.Barcelona<\/li>\n \t<li>Patolog\u00eda muscular y readaptaci\u00f3n integrada (Return to play). Junio 2019 en Barcelona<\/li>\n<\/ul>\n[\/et_pb_text][\/et_pb_column][et_pb_column type=\"1_2\" _builder_version=\"3.25\" custom_padding=\"|||\" custom_padding__hover=\"|||\"][et_pb_text _builder_version=\"4.9.0\" text_font=\"Open Sans||||||||\" text_text_color=\"#486066\" text_font_size=\"15px\" text_line_height=\"1.8em\" header_font=\"||||||||\" custom_margin=\"50px||||false|false\" custom_margin_tablet=\"\" custom_margin_phone=\"0px||||false|false\" custom_margin_last_edited=\"on|phone\"]\n<ul>\n \t<li>Fisioterapeuta en Club de Futbol Americ\u00e0 Badalona Dracs.<\/li>\n \t<li>Fisioterapeuta en la Selecci\u00f3n Espa\u00f1ola de F\u00fatbol Americano.<\/li>\n \t<li>Fisioterapeuta en la Selecci\u00f3 Catalana de Futbol Americ\u00e0.<\/li>\n \t<li>Fisioterapeuta en FisioSalut Can Rull, en Sabadell, Barcelona.<\/li>\n \t<li>Fisioterapeuta en C.D. Trinidad.<\/li>\n \t<li>Fisioterapeuta en Hospital Benito Menni, Sant Boi de Llobregat.<\/li>\n \t<li>Fisioterapeuta en Bes\u00f3s Bar\u00f3n de Viver CF.<\/li>\n \t<li>Fisioterapeuta en Residencia de la tercera edad Anoia, Martorell.<\/li>\n \t<li>Ejercicio libre de la profesi\u00f3n en consulta particular.<\/li>\n<\/ul>\n[\/et_pb_text][\/et_pb_column][\/et_pb_row][et_pb_row _builder_version=\"4.9.0\" custom_padding=\"75px||0px||false|false\" locked=\"off\"][et_pb_column type=\"4_4\" _builder_version=\"3.25\" custom_padding=\"|||\" custom_padding__hover=\"|||\"][et_pb_text _builder_version=\"4.9.0\" text_font=\"||||||||\" header_font=\"||||||||\" header_text_align=\"center\" header_3_font=\"Poppins|600|||||||\" header_3_text_color=\"#008479\" header_3_font_size=\"36px\" header_3_line_height=\"1.4em\" text_orientation=\"center\" background_layout=\"dark\"]\n<h3>Nuestros Servicios<\/h3>\n[\/et_pb_text][\/et_pb_column][\/et_pb_row][et_pb_row column_structure=\"1_3,1_3,1_3\" use_custom_gutter=\"on\" gutter_width=\"2\" make_equal=\"on\" column_padding_mobile=\"on\" custom_padding_last_edited=\"on|phone\" _builder_version=\"4.9.0\" background_size=\"initial\" background_position=\"top_left\" background_repeat=\"repeat\" custom_padding=\"50px|||||\" custom_padding_tablet=\"49px|||\" custom_padding_phone=\"19px|||\"][et_pb_column type=\"1_3\" _builder_version=\"4.9.0\" custom_padding=\"|||\" custom_padding__hover=\"|||\"][et_pb_blurb title=\"Dolores y Lesiones\" image=\"https:\/\/fisiolistic.com\/nueva\/wp-content\/uploads\/2021\/07\/dolores-y-lesiones.png\" admin_label=\"Class\" _builder_version=\"4.9.0\" header_font=\"Poppins|600|||||||\" header_text_align=\"center\" header_text_color=\"#018379\" header_font_size=\"18px\" header_line_height=\"1.3em\" body_font=\"Open Sans||||||||\" body_text_align=\"center\" body_text_color=\"#486066\" body_line_height=\"1.8em\" background_color=\"#ffffff\" custom_margin=\"||||false|false\" custom_padding=\"40px|30px|20px|30px|false|false\" animation_style=\"fade\" animation=\"off\" border_radii=\"on|6px|6px|6px|6px\" box_shadow_style=\"preset1\" box_shadow_vertical=\"10px\" box_shadow_blur=\"24px\" box_shadow_spread=\"6px\" box_shadow_color=\"rgba(0,0,0,0.06)\"]\n\n&nbsp;\n<ul>\n \t<li style=\"text-align: left;\">Lesiones cr\u00f3nicas y agudas<\/li>\n \t<li style=\"text-align: left;\">Pre-post intervenciones quir\u00fargicas<\/li>\n \t<li style=\"text-align: left;\">Dolores de la Articulaci\u00f3n<\/li>\n \t<li style=\"text-align: left;\">Temporo-Mandibular<\/li>\n \t<li style=\"text-align: left;\">Embarazadas, deportistas\u2026<\/li>\n<\/ul>\n[\/et_pb_blurb][\/et_pb_column][et_pb_column type=\"1_3\" _builder_version=\"3.25\" custom_padding=\"|||\" custom_padding__hover=\"|||\"][et_pb_blurb title=\"Fisioterapia Neurol\u00f3gica\" image=\"https:\/\/fisiolistic.com\/nueva\/wp-content\/uploads\/2021\/07\/neurolo\u0301gico.png\" admin_label=\"Class\" _builder_version=\"4.9.0\" header_font=\"Poppins|600|||||||\" header_text_align=\"center\" header_text_color=\"#018379\" header_font_size=\"18px\" header_line_height=\"1.3em\" body_font=\"Open Sans||||||||\" body_text_align=\"center\" body_text_color=\"#486066\" body_line_height=\"1.8em\" background_color=\"#ffffff\" custom_margin=\"||||false|false\" custom_padding=\"40px|30px|20px|30px|false|false\" animation_style=\"fade\" animation=\"off\" border_radii=\"on|6px|6px|6px|6px\" box_shadow_style=\"preset1\" box_shadow_vertical=\"10px\" box_shadow_blur=\"24px\" box_shadow_spread=\"6px\" box_shadow_color=\"rgba(0,0,0,0.06)\" locked=\"off\"]\n\n&nbsp;\n<ul>\n \t<li style=\"text-align: left;\"><span>Inhibici\u00f3n de la musculatura esp\u00e1stica<\/span><\/li>\n \t<li style=\"text-align: left;\"><span>Control del tronco<\/span><\/li>\n \t<li style=\"text-align: left;\">Terapia cognitiva<\/li>\n \t<li style=\"text-align: left;\">Mejora de la marcha<\/li>\n \t<li style=\"text-align: left;\"><span>Terapia manual<\/span><\/li>\n<\/ul>\n[\/et_pb_blurb][\/et_pb_column][et_pb_column type=\"1_3\" _builder_version=\"3.25\" custom_padding=\"|||\" custom_padding__hover=\"|||\"][et_pb_blurb title=\"Fisioterapia Respiratoria\" image=\"https:\/\/fisiolistic.com\/nueva\/wp-content\/uploads\/2021\/08\/respiracio\u0301n.png\" admin_label=\"Class\" _builder_version=\"4.9.0\" header_font=\"Poppins|600|||||||\" header_text_align=\"center\" header_text_color=\"#018379\" header_font_size=\"18px\" header_line_height=\"1.3em\" body_font=\"Open Sans||||||||\" body_text_align=\"center\" body_text_color=\"#486066\" body_line_height=\"1.8em\" background_color=\"#ffffff\" custom_margin=\"||||false|false\" custom_padding=\"40px|30px|20px|30px|false|false\" animation_style=\"fade\" animation=\"off\" border_radii=\"on|6px|6px|6px|6px\" box_shadow_style=\"preset1\" box_shadow_vertical=\"10px\" box_shadow_blur=\"24px\" box_shadow_spread=\"6px\" box_shadow_color=\"rgba(0,0,0,0.06)\" locked=\"off\"]\n\n&nbsp;\n<ul>\n \t<li style=\"text-align: left;\"><span>Normalizar los vol\u00famenes pulmonares y gases sangu\u00edneos<\/span><\/li>\n \t<li style=\"text-align: left;\"><span>T\u00e9cnicas para movilizar la mucosidad<\/span><\/li>\n \t<li style=\"text-align: left;\">Terapia miofascial de los m\u00fasculos responsables de la respiraci\u00f3n<\/li>\n<\/ul>\n[\/et_pb_blurb][\/et_pb_column][\/et_pb_row][et_pb_row column_structure=\"1_3,1_3,1_3\" use_custom_gutter=\"on\" gutter_width=\"2\" make_equal=\"on\" column_padding_mobile=\"on\" custom_padding_last_edited=\"on|phone\" _builder_version=\"4.9.0\" background_size=\"initial\" background_position=\"top_left\" background_repeat=\"repeat\" custom_padding=\"7px|||||\" custom_padding_tablet=\"49px|||\" custom_padding_phone=\"19px|||\"][et_pb_column type=\"1_3\" _builder_version=\"4.9.0\" custom_padding=\"|||\" custom_padding__hover=\"|||\"][et_pb_blurb title=\"Fisioterapia Pedi\u00e1trica\" image=\"https:\/\/fisiolistic.com\/nueva\/wp-content\/uploads\/2021\/07\/bebe\u0301s.png\" admin_label=\"Class\" _builder_version=\"4.9.0\" header_font=\"Poppins|600|||||||\" header_text_align=\"center\" header_text_color=\"#018379\" header_font_size=\"18px\" header_line_height=\"1.3em\" body_font=\"Open Sans||||||||\" body_text_align=\"center\" body_text_color=\"#486066\" body_line_height=\"1.8em\" background_color=\"#ffffff\" custom_margin=\"||||false|false\" custom_padding=\"40px|30px|20px|30px|false|false\" animation_style=\"fade\" animation=\"off\" border_radii=\"on|6px|6px|6px|6px\" box_shadow_style=\"preset1\" box_shadow_vertical=\"10px\" box_shadow_blur=\"24px\" box_shadow_spread=\"6px\" box_shadow_color=\"rgba(0,0,0,0.06)\"]\n\n&nbsp;\n<ul>\n \t<li style=\"text-align: left;\"><span>Plagiocefalias<\/span><\/li>\n \t<li style=\"text-align: left;\"><span>Torticulis<\/span><\/li>\n \t<li style=\"text-align: left;\"><span>Acortamientos musculares<\/span><\/li>\n \t<li style=\"text-align: left;\"><span>Retrasos psicomotor<\/span><\/li>\n \t<li style=\"text-align: left;\"><span>Alteraciones de la postura<\/span><\/li>\n \t<li style=\"text-align: left;\"><span>problemas respiratorios y neurol\u00f3gicos<\/span><\/li>\n<\/ul>\n[\/et_pb_blurb][\/et_pb_column][et_pb_column type=\"1_3\" _builder_version=\"3.25\" custom_padding=\"|||\" custom_padding__hover=\"|||\"][et_pb_blurb title=\"Fisioterapia del Suelo P\u00e9lvico\" image=\"https:\/\/fisiolistic.com\/nueva\/wp-content\/uploads\/2021\/08\/suelo-pe\u0301lvico.png\" admin_label=\"Class\" _builder_version=\"4.9.0\" header_font=\"Poppins|600|||||||\" header_text_align=\"center\" header_text_color=\"#018379\" header_font_size=\"18px\" header_line_height=\"1.3em\" body_font=\"Open Sans||||||||\" body_text_align=\"center\" body_text_color=\"#486066\" body_line_height=\"1.8em\" background_color=\"#ffffff\" custom_margin=\"||||false|false\" custom_padding=\"40px|30px|20px|30px|false|false\" animation_style=\"fade\" animation=\"off\" border_radii=\"on|6px|6px|6px|6px\" box_shadow_style=\"preset1\" box_shadow_vertical=\"10px\" box_shadow_blur=\"24px\" box_shadow_spread=\"6px\" box_shadow_color=\"rgba(0,0,0,0.06)\" locked=\"off\"]\n\n&nbsp;\n<ul>\n \t<li style=\"text-align: left;\">La incontinencia urinaria y fecal<\/li>\n \t<li style=\"text-align: left;\">Fisuras en el perin\u00e9<\/li>\n \t<li style=\"text-align: left;\">Prolapso de \u00f3rganos<\/li>\n \t<li style=\"text-align: left;\">Disfunciones sexuales<\/li>\n \t<li style=\"text-align: left;\">Postoperatorio de prostatectom\u00eda o<\/li>\n \t<li style=\"text-align: left;\">adenotectom\u00eda.<\/li>\n<\/ul>\n[\/et_pb_blurb][\/et_pb_column][et_pb_column type=\"1_3\" _builder_version=\"3.25\" custom_padding=\"|||\" custom_padding__hover=\"|||\"][et_pb_blurb title=\"Rehabilitaci\u00f3n vestibular y problemas posturales\" image=\"https:\/\/fisiolistic.com\/nueva\/wp-content\/uploads\/2021\/08\/RHB.png\" admin_label=\"Class\" _builder_version=\"4.9.0\" header_font=\"Poppins|600|||||||\" header_text_align=\"center\" header_text_color=\"#018379\" header_font_size=\"18px\" header_line_height=\"1.3em\" body_font=\"Open Sans||||||||\" body_text_align=\"center\" body_text_color=\"#486066\" body_line_height=\"1.8em\" background_color=\"#ffffff\" custom_margin=\"||||false|false\" custom_padding=\"40px|30px|37px|30px|false|false\" animation_style=\"fade\" animation=\"off\" border_radii=\"on|6px|6px|6px|6px\" box_shadow_style=\"preset1\" box_shadow_vertical=\"10px\" box_shadow_blur=\"24px\" box_shadow_spread=\"6px\" box_shadow_color=\"rgba(0,0,0,0.06)\" locked=\"off\"]\n\n&nbsp;\n\n<span>Tratamiento fisioterap\u00e9utico de ejercicios vest\u00edbulo-oculares y posturales, junto con otros profesionales como el optometrista y el pod\u00f3logo, puede ayudar a multitud de problemas.<\/span>\n\n[\/et_pb_blurb][\/et_pb_column][\/et_pb_row][et_pb_row column_structure=\"1_3,1_3,1_3\" use_custom_gutter=\"on\" gutter_width=\"2\" make_equal=\"on\" column_padding_mobile=\"on\" custom_padding_last_edited=\"on|phone\" _builder_version=\"4.9.0\" background_size=\"initial\" background_position=\"top_left\" background_repeat=\"repeat\" custom_padding=\"7px|||||\" custom_padding_tablet=\"49px|||\" custom_padding_phone=\"19px|||\"][et_pb_column type=\"1_3\" _builder_version=\"4.9.0\" custom_padding=\"|||\" custom_padding__hover=\"|||\"][et_pb_blurb title=\"Fisioest\u00e9tica\" image=\"https:\/\/fisiolistic.com\/nueva\/wp-content\/uploads\/2021\/08\/este\u0301tica-barcelona.png\" admin_label=\"Class\" _builder_version=\"4.9.0\" header_font=\"Poppins|600|||||||\" header_text_align=\"center\" header_text_color=\"#018379\" header_font_size=\"18px\" header_line_height=\"1.3em\" body_font=\"Open Sans||||||||\" body_text_align=\"center\" body_text_color=\"#486066\" body_line_height=\"1.8em\" background_color=\"#ffffff\" custom_margin=\"||||false|false\" custom_padding=\"40px|30px|20px|30px|false|false\" animation_style=\"fade\" animation=\"off\" hover_enabled=\"0\" border_radii=\"on|6px|6px|6px|6px\" box_shadow_style=\"preset1\" box_shadow_vertical=\"10px\" box_shadow_blur=\"24px\" box_shadow_spread=\"6px\" box_shadow_color=\"rgba(0,0,0,0.06)\" locked=\"off\" sticky_enabled=\"0\"]\n\n&nbsp;\n<ul>\n \t<li style=\"text-align: left;\">Drenaje linf\u00e1tico<\/li>\n \t<li style=\"text-align: left;\">Celulitis<\/li>\n \t<li style=\"text-align: left;\">Encapsulamiento pr\u00f3tesis mam\u00e1rias<\/li>\n \t<li style=\"text-align: left;\">Recuperaci\u00f3n tras liposucci\u00f3n<\/li>\n \t<li style=\"text-align: left;\">Cicatrices<\/li>\n \t<li style=\"text-align: left;\">Tratamiento de las arrugas faciales con INDIBA<\/li>\n<\/ul>\n[\/et_pb_blurb][\/et_pb_column][et_pb_column type=\"1_3\" _builder_version=\"3.25\" custom_padding=\"|||\" custom_padding__hover=\"|||\"][\/et_pb_column][et_pb_column type=\"1_3\" _builder_version=\"3.25\" custom_padding=\"|||\" custom_padding__hover=\"|||\"][\/et_pb_column][\/et_pb_row][\/et_pb_section][et_pb_section fb_built=\"1\" admin_label=\"Join Now Call to Action\" _builder_version=\"4.9.0\" background_enable_color=\"off\" use_background_color_gradient=\"on\" background_color_gradient_start=\"#018379\" background_color_gradient_end=\"#018379\" background_color_gradient_direction=\"72deg\" background_color_gradient_end_position=\"62%\" background_image=\"https:\/\/fisiolistic.com\/nueva\/wp-content\/uploads\/2021\/07\/the-doctor-massages-the-man-in-the-hospital.jpg\" background_blend=\"multiply\" custom_margin=\"|||\" custom_padding=\"90px|0px|100px|0px||\"][et_pb_row use_custom_gutter=\"on\" gutter_width=\"2\" make_equal=\"on\" column_padding_mobile=\"on\" custom_padding_last_edited=\"off|desktop\" admin_label=\"Testimonials\" _builder_version=\"4.9.0\" background_size=\"initial\" background_position=\"top_left\" background_repeat=\"repeat\" custom_margin=\"||||false|false\" custom_padding=\"||0px||false|false\" custom_padding_tablet=\"49px|||\" custom_padding_phone=\"19px|||\"][et_pb_column type=\"4_4\" _builder_version=\"4.9.0\" custom_padding=\"|||\" custom_padding__hover=\"|||\"][et_pb_blurb content_max_width=\"100%\" admin_label=\"Class\" _builder_version=\"4.9.0\" header_font=\"Poppins|600|||||||\" header_text_align=\"center\" header_text_color=\"#018379\" header_font_size=\"18px\" header_line_height=\"1.3em\" body_font=\"Open Sans||||||||\" body_text_align=\"center\" body_text_color=\"#486066\" body_line_height=\"1.8em\" background_color=\"#008479\" custom_margin=\"||||false|false\" custom_padding=\"40px||19px||false|false\" animation_style=\"fade\" animation=\"off\" border_radii=\"on|6px|6px|6px|6px\" locked=\"off\"]\n<h3><span style=\"color: #ffffff;\"><strong>Centro acreditado por<\/strong><\/span><\/h3>\n[\/et_pb_blurb][\/et_pb_column][\/et_pb_row][et_pb_row column_structure=\"1_5,1_5,1_5,1_5,1_5\" use_custom_gutter=\"on\" gutter_width=\"2\" make_equal=\"on\" column_padding_mobile=\"on\" admin_label=\"Testimonials\" _builder_version=\"4.9.0\" background_color=\"#008479\" background_size=\"initial\" background_position=\"top_left\" background_repeat=\"repeat\" custom_margin=\"||||false|false\" custom_padding=\"30px|30px|30px|30px|true|true\"][et_pb_column type=\"1_5\" _builder_version=\"4.9.0\" custom_padding=\"|||\" custom_padding__hover=\"|||\"][et_pb_image src=\"https:\/\/fisiolistic.com\/nueva\/wp-content\/uploads\/2021\/08\/generalitat-de-catalunya.png\" title_text=\"generalitat de catalunya\" _builder_version=\"4.9.0\" _module_preset=\"default\"][\/et_pb_image][\/et_pb_column][et_pb_column type=\"1_5\" _builder_version=\"4.9.0\" custom_padding=\"|||\" custom_padding__hover=\"|||\"][et_pb_image src=\"https:\/\/fisiolistic.com\/nueva\/wp-content\/uploads\/2021\/08\/cpc.png\" title_text=\"cpc\" _builder_version=\"4.9.0\" _module_preset=\"default\"][\/et_pb_image][\/et_pb_column][et_pb_column type=\"1_5\" _builder_version=\"4.9.0\" custom_padding=\"|||\" custom_padding__hover=\"|||\"][et_pb_image src=\"https:\/\/fisiolistic.com\/nueva\/wp-content\/uploads\/2021\/08\/euses.png\" title_text=\"euses\" _builder_version=\"4.9.0\" _module_preset=\"default\"][\/et_pb_image][\/et_pb_column][et_pb_column type=\"1_5\" _builder_version=\"4.9.0\" custom_padding=\"|||\" custom_padding__hover=\"|||\"][et_pb_image src=\"https:\/\/fisiolistic.com\/nueva\/wp-content\/uploads\/2021\/08\/blanquerna.png\" title_text=\"blanquerna\" _builder_version=\"4.9.0\" _module_preset=\"default\"][\/et_pb_image][\/et_pb_column][et_pb_column type=\"1_5\" _builder_version=\"4.9.0\" custom_padding=\"|||\" custom_padding__hover=\"|||\"][et_pb_image src=\"https:\/\/fisiolistic.com\/nueva\/wp-content\/uploads\/2021\/08\/uic.png\" title_text=\"uic\" _builder_version=\"4.9.0\" _module_preset=\"default\"][\/et_pb_image][\/et_pb_column][\/et_pb_row][et_pb_row use_custom_gutter=\"on\" gutter_width=\"2\" make_equal=\"on\" column_padding_mobile=\"on\" custom_padding_last_edited=\"off|desktop\" admin_label=\"Testimonials\" _builder_version=\"4.9.0\" background_size=\"initial\" background_position=\"top_left\" background_repeat=\"repeat\" custom_margin=\"||70px||false|false\" custom_padding=\"0px||0px|||\" custom_padding_tablet=\"49px|||\" custom_padding_phone=\"19px|||\"][et_pb_column type=\"4_4\" _builder_version=\"4.9.0\" custom_padding=\"|||\" custom_padding__hover=\"|||\"][et_pb_blurb content_max_width=\"100%\" admin_label=\"Class\" _builder_version=\"4.9.0\" header_font=\"Poppins|600|||||||\" header_text_align=\"center\" header_text_color=\"#018379\" header_font_size=\"18px\" header_line_height=\"1.3em\" body_font=\"Open Sans||||||||\" body_text_align=\"center\" body_text_color=\"#486066\" body_line_height=\"1.8em\" background_color=\"#008479\" custom_margin=\"||||false|false\" custom_padding=\"22px|30px|40px|30px|false|true\" animation_style=\"fade\" animation=\"off\" border_radii=\"on|6px|6px|6px|6px\" locked=\"off\"]\n\n<span style=\"color: #ffffff;\"><strong>Centro acreditado por la Generalitat de Catalunya y por el Col\u00b7legi de Fisioterapeutes de Catalunya. <\/strong><\/span>\n<span style=\"color: #ffffff;\"><strong>Centro colaborador con las universidades de fisioterapia EUSES, Blanquerna e Universitat Internacional de Catalunya.<\/strong><\/span>\n\n[\/et_pb_blurb][\/et_pb_column][\/et_pb_row][\/et_pb_section]","_et_gb_content_width":"","footnotes":""},"class_list":["post-629","page","type-page","status-publish","hentry"],"aioseo_notices":[],"_links":{"self":[{"href":"https:\/\/fisiolistic.com\/ca\/wp-json\/wp\/v2\/pages\/629","targetHints":{"allow":["GET"]}}],"collection":[{"href":"https:\/\/fisiolistic.com\/ca\/wp-json\/wp\/v2\/pages"}],"about":[{"href":"https:\/\/fisiolistic.com\/ca\/wp-json\/wp\/v2\/types\/page"}],"author":[{"embeddable":true,"href":"https:\/\/fisiolistic.com\/ca\/wp-json\/wp\/v2\/users\/1"}],"replies":[{"embeddable":true,"href":"https:\/\/fisiolistic.com\/ca\/wp-json\/wp\/v2\/comments?post=629"}],"version-history":[{"count":9,"href":"https:\/\/fisiolistic.com\/ca\/wp-json\/wp\/v2\/pages\/629\/revisions"}],"predecessor-version":[{"id":1700,"href":"https:\/\/fisiolistic.com\/ca\/wp-json\/wp\/v2\/pages\/629\/revisions\/1700"}],"wp:attachment":[{"href":"https:\/\/fisiolistic.com\/ca\/wp-json\/wp\/v2\/media?parent=629"}],"curies":[{"name":"wp","href":"https:\/\/api.w.org\/{rel}","templated":true}]}}